{"id":6889,"date":"2023-11-02T01:59:41","date_gmt":"2023-11-02T01:59:41","guid":{"rendered":"https:\/\/barcelonayogaconference.cat\/?page_id=6889"},"modified":"2024-10-20T20:43:44","modified_gmt":"2024-10-20T20:43:44","slug":"terms-conditions","status":"publish","type":"page","link":"https:\/\/barcelonayogaconference.cat\/ca\/terms-conditions\/","title":{"rendered":"Terms &#038; Conditions"},"content":{"rendered":"<div data-elementor-type=\"wp-page\" data-elementor-id=\"6889\" class=\"elementor elementor-6889\" data-elementor-post-type=\"page\">\n\t\t\t\t\t\t<section class=\"elementor-section elementor-top-section elementor-element elementor-element-72908bc3 elementor-section-stretched elementor-section-full_width elementor-section-content-middle elementor-section-height-min-height elementor-section-height-default elementor-section-items-middle\" data-id=\"72908bc3\" data-element_type=\"section\" data-settings=\"{&quot;stretch_section&quot;:&quot;section-stretched&quot;,&quot;background_background&quot;:&quot;classic&quot;}\">\n\t\t\t\t\t\t\t<div class=\"elementor-background-overlay\"><\/div>\n\t\t\t\t\t\t\t<div class=\"elementor-container elementor-column-gap-no\">\n\t\t\t\t\t<div class=\"elementor-column elementor-col-100 elementor-top-column elementor-element elementor-element-2d600f9f\" data-id=\"2d600f9f\" data-element_type=\"column\">\n\t\t\t<div class=\"elementor-widget-wrap elementor-element-populated\">\n\t\t\t\t\t\t<section class=\"elementor-section elementor-inner-section elementor-element elementor-element-3a8a2fcc elementor-section-content-middle elementor-section-boxed elementor-section-height-default elementor-section-height-default\" data-id=\"3a8a2fcc\" data-element_type=\"section\">\n\t\t\t\t\t\t<div class=\"elementor-container elementor-column-gap-extended\">\n\t\t\t\t\t<div class=\"elementor-column elementor-col-100 elementor-inner-column elementor-element elementor-element-2b047725\" data-id=\"2b047725\" data-element_type=\"column\" data-settings=\"{&quot;animation&quot;:&quot;none&quot;}\">\n\t\t\t<div class=\"elementor-widget-wrap elementor-element-populated\">\n\t\t\t\t\t\t<div class=\"elementor-element elementor-element-12edddcb elementor-widget__width-initial elementor-invisible elementor-widget elementor-widget-heading\" data-id=\"12edddcb\" data-element_type=\"widget\" data-settings=\"{&quot;_animation&quot;:&quot;slide-up&quot;}\" data-widget_type=\"heading.default\">\n\t\t\t\t<div class=\"elementor-widget-container\">\n\t\t\t\t\t<h1 class=\"elementor-heading-title elementor-size-default\">TERMS &amp; CONDITIONS<\/h1>\t\t\t\t<\/div>\n\t\t\t\t<\/div>\n\t\t\t\t\t<\/div>\n\t\t<\/div>\n\t\t\t\t\t<\/div>\n\t\t<\/section>\n\t\t\t\t\t<\/div>\n\t\t<\/div>\n\t\t\t\t\t<\/div>\n\t\t<\/section>\n\t\t\t\t<section class=\"elementor-section elementor-top-section elementor-element elementor-element-13c0754f elementor-section-boxed elementor-section-height-default elementor-section-height-default\" data-id=\"13c0754f\" data-element_type=\"section\">\n\t\t\t\t\t\t<div class=\"elementor-container elementor-column-gap-default\">\n\t\t\t\t\t<div class=\"elementor-column elementor-col-100 elementor-top-column elementor-element elementor-element-290c557f\" data-id=\"290c557f\" data-element_type=\"column\">\n\t\t\t<div class=\"elementor-widget-wrap elementor-element-populated\">\n\t\t\t\t\t\t<section class=\"elementor-section elementor-inner-section elementor-element elementor-element-fa00d40 elementor-section-boxed elementor-section-height-default elementor-section-height-default\" data-id=\"fa00d40\" data-element_type=\"section\">\n\t\t\t\t\t\t<div class=\"elementor-container elementor-column-gap-default\">\n\t\t\t\t\t<div class=\"elementor-column elementor-col-50 elementor-inner-column elementor-element elementor-element-d2b1d51\" data-id=\"d2b1d51\" data-element_type=\"column\">\n\t\t\t<div class=\"elementor-widget-wrap elementor-element-populated\">\n\t\t\t\t\t\t<div class=\"elementor-element elementor-element-8da5b60 elementor-widget elementor-widget-text-editor\" data-id=\"8da5b60\" data-element_type=\"widget\" data-widget_type=\"text-editor.default\">\n\t\t\t\t<div class=\"elementor-widget-container\">\n\t\t\t\t\t\t\t\t\t<h3 style=\"margin: 0px 0px 8px; padding: 0px; border: 0px #e1e1e1; font-variant-numeric: inherit; font-variant-east-asian: inherit; font-variant-alternates: inherit; font-variant-position: inherit; font-weight: 600; font-stretch: inherit; font-size: 20px; line-height: 1.1em; font-family: quicksand, Helvetica, Arial, sans-serif; font-optical-sizing: inherit; font-kerning: inherit; font-feature-settings: inherit; font-variation-settings: inherit; vertical-align: baseline; color: #222222;\">EARLY ARRIVAL<\/h3><p style=\"margin: 0.85em 0px; padding: 0px; border: 0px #e1e1e1; font-variant-numeric: inherit; font-variant-east-asian: inherit; font-variant-alternates: inherit; font-variant-position: inherit; font-stretch: inherit; font-size: 13px; line-height: inherit; font-family: 'open sans', Helvetica, Arial, sans-serif; font-optical-sizing: inherit; font-kerning: inherit; font-feature-settings: inherit; font-variation-settings: inherit; vertical-align: baseline; color: #666666;\">The registration desk will be open every morning one hour before the beginning of the first class. Arrive early so you have enough time to register and get to your class on time. You will need ID, Passport or invoice number to receive your wristband. Lost or stolen wristband will not be replaced or refunded.<\/p><h3 style=\"margin: 1.5em 0px 8px; padding: 0px; border: 0px #e1e1e1; font-variant-numeric: inherit; font-variant-east-asian: inherit; font-variant-alternates: inherit; font-variant-position: inherit; font-weight: 600; font-stretch: inherit; font-size: 20px; line-height: 1.1em; font-family: quicksand, Helvetica, Arial, sans-serif; font-optical-sizing: inherit; font-kerning: inherit; font-feature-settings: inherit; font-variation-settings: inherit; vertical-align: baseline; color: #222222;\">ACCOMMODATION &amp; MEALS<\/h3><p style=\"margin: 0.85em 0px; padding: 0px; border: 0px #e1e1e1; font-variant-numeric: inherit; font-variant-east-asian: inherit; font-variant-alternates: inherit; font-variant-position: inherit; font-stretch: inherit; font-size: 13px; line-height: inherit; font-family: 'open sans', Helvetica, Arial, sans-serif; font-optical-sizing: inherit; font-kerning: inherit; font-feature-settings: inherit; font-variation-settings: inherit; vertical-align: baseline; color: #666666;\">Accommodation and meals are not included. Delicious vegetarian, vegan and raw vendors will be available for all guests.<\/p><h3 style=\"margin: 1.5em 0px 8px; padding: 0px; border: 0px #e1e1e1; font-variant-numeric: inherit; font-variant-east-asian: inherit; font-variant-alternates: inherit; font-variant-position: inherit; font-weight: 600; font-stretch: inherit; font-size: 20px; line-height: 1.1em; font-family: quicksand, Helvetica, Arial, sans-serif; font-optical-sizing: inherit; font-kerning: inherit; font-feature-settings: inherit; font-variation-settings: inherit; vertical-align: baseline; color: #222222;\">CANCELLATIONS AND REFUNDS<\/h3><p style=\"margin: 0.85em 0px; padding: 0px; border: 0px #e1e1e1; font-variant-numeric: inherit; font-variant-east-asian: inherit; font-variant-alternates: inherit; font-variant-position: inherit; font-stretch: inherit; font-size: 13px; line-height: inherit; font-family: 'open sans', Helvetica, Arial, sans-serif; font-optical-sizing: inherit; font-kerning: inherit; font-feature-settings: inherit; font-variation-settings: inherit; vertical-align: baseline; color: #666666;\">Totes les entrades s\u00f3n no reemborsables per\u00f2 transferibles. Els reemborsaments no s'aplicaran per a arribades tardanes, finalitzaci\u00f3 anticipada de l'assist\u00e8ncia o abs\u00e8ncies.<\/p><h3 style=\"margin: 1.5em 0px 8px; padding: 0px; border: 0px #e1e1e1; font-variant-numeric: inherit; font-variant-east-asian: inherit; font-variant-alternates: inherit; font-variant-position: inherit; font-weight: 600; font-stretch: inherit; font-size: 20px; line-height: 1.1em; font-family: quicksand, Helvetica, Arial, sans-serif; font-optical-sizing: inherit; font-kerning: inherit; font-feature-settings: inherit; font-variation-settings: inherit; vertical-align: baseline; color: #222222;\">CANCELLATION OF CONFERENCE<\/h3><p style=\"margin: 0.85em 0px; padding: 0px; border: 0px #e1e1e1; font-variant-numeric: inherit; font-variant-east-asian: inherit; font-variant-alternates: inherit; font-variant-position: inherit; font-stretch: inherit; font-size: 13px; line-height: inherit; font-family: 'open sans', Helvetica, Arial, sans-serif; font-optical-sizing: inherit; font-kerning: inherit; font-feature-settings: inherit; font-variation-settings: inherit; vertical-align: baseline; color: #666666;\">The BYC and Fundaci\u00f3 Omshanti Yoga keeps a fundamental right to cancel the event. In case of full cancellation of the BYC, participants will be fully refunded, minus a 10% administration fee. Participants will have no right to claim further compensation or reparations. All advertised artists and instructors have confirmed their appearance at the BYC, but acts and schedules are subject to change without notice. Changes in the program will have no effect on the cancellation policy.<\/p><h3 style=\"margin: 1.5em 0px 8px; padding: 0px; border: 0px #e1e1e1; font-variant-numeric: inherit; font-variant-east-asian: inherit; font-variant-alternates: inherit; font-variant-position: inherit; font-weight: 600; font-stretch: inherit; font-size: 20px; line-height: 1.1em; font-family: quicksand, Helvetica, Arial, sans-serif; font-optical-sizing: inherit; font-kerning: inherit; font-feature-settings: inherit; font-variation-settings: inherit; vertical-align: baseline; color: #222222;\">FORCE MAJEURE<\/h3><p style=\"margin: 0.85em 0px; padding: 0px; border: 0px #e1e1e1; font-variant-numeric: inherit; font-variant-east-asian: inherit; font-variant-alternates: inherit; font-variant-position: inherit; font-stretch: inherit; font-size: 13px; line-height: inherit; font-family: 'open sans', Helvetica, Arial, sans-serif; font-optical-sizing: inherit; font-kerning: inherit; font-feature-settings: inherit; font-variation-settings: inherit; vertical-align: baseline; color: #666666;\">In the case of circumstances beyond normal control or highly unexpected factors such as\u00a0such as war, actions and orders from the authorities, strikes, catastrophes or epidemics, the BYC reserve the right to reschedule the event. Tickets will not be refundable but transferable to any future BYC edition.<\/p>\t\t\t\t\t\t\t\t<\/div>\n\t\t\t\t<\/div>\n\t\t\t\t\t<\/div>\n\t\t<\/div>\n\t\t\t\t<div class=\"elementor-column elementor-col-50 elementor-inner-column elementor-element elementor-element-2a9e6fe\" data-id=\"2a9e6fe\" data-element_type=\"column\">\n\t\t\t<div class=\"elementor-widget-wrap elementor-element-populated\">\n\t\t\t\t\t\t<div class=\"elementor-element elementor-element-b75a3f1 elementor-widget elementor-widget-text-editor\" data-id=\"b75a3f1\" data-element_type=\"widget\" data-widget_type=\"text-editor.default\">\n\t\t\t\t<div class=\"elementor-widget-container\">\n\t\t\t\t\t\t\t\t\t<h3 style=\"margin: 30px 0px 8px; padding: 0px; border: 0px #e1e1e1; font-variant-numeric: inherit; font-variant-east-asian: inherit; font-variant-alternates: inherit; font-variant-position: inherit; font-weight: 600; font-stretch: inherit; font-size: 20px; line-height: 1.1em; font-family: quicksand, Helvetica, Arial, sans-serif; font-optical-sizing: inherit; font-kerning: inherit; font-feature-settings: inherit; font-variation-settings: inherit; vertical-align: baseline; color: #222222;\">YOGA ACCESSORIES<\/h3>\n<p style=\"margin: 0.85em 0px; padding: 0px; border: 0px #e1e1e1; font-variant-numeric: inherit; font-variant-east-asian: inherit; font-variant-alternates: inherit; font-variant-position: inherit; font-stretch: inherit; font-size: 13px; line-height: inherit; font-family: 'open sans', Helvetica, Arial, sans-serif; font-optical-sizing: inherit; font-kerning: inherit; font-feature-settings: inherit; font-variation-settings: inherit; vertical-align: baseline; color: #666666;\">The BYC is not responsible for providing Yoga Mats and props. You can bring your own Yoga accessories or choose to buy them in the conference village.<\/p>\n\n<h3 style=\"margin: 1.5em 0px 8px; padding: 0px; border: 0px #e1e1e1; font-variant-numeric: inherit; font-variant-east-asian: inherit; font-variant-alternates: inherit; font-variant-position: inherit; font-weight: 600; font-stretch: inherit; font-size: 20px; line-height: 1.1em; font-family: quicksand, Helvetica, Arial, sans-serif; font-optical-sizing: inherit; font-kerning: inherit; font-feature-settings: inherit; font-variation-settings: inherit; vertical-align: baseline; color: #222222;\">LIABILITY<\/h3>\n<p style=\"margin: 0.85em 0px; padding: 0px; border: 0px #e1e1e1; font-variant-numeric: inherit; font-variant-east-asian: inherit; font-variant-alternates: inherit; font-variant-position: inherit; font-stretch: inherit; font-size: 13px; line-height: inherit; font-family: 'open sans', Helvetica, Arial, sans-serif; font-optical-sizing: inherit; font-kerning: inherit; font-feature-settings: inherit; font-variation-settings: inherit; vertical-align: baseline; color: #666666;\">Every physical practice involves a certain risk of injury. Participants of the BYC agree to be part of this event fully aware of their safety and the safety of other participants. The BYC and Fundaci\u00f3 Omshanti Yoga., the organization team, volunteers and presenters are fully exempted from liability.<\/p>\n\n<h3 style=\"margin: 1.5em 0px 8px; padding: 0px; border: 0px #e1e1e1; font-variant-numeric: inherit; font-variant-east-asian: inherit; font-variant-alternates: inherit; font-variant-position: inherit; font-weight: 600; font-stretch: inherit; font-size: 20px; line-height: 1.1em; font-family: quicksand, Helvetica, Arial, sans-serif; font-optical-sizing: inherit; font-kerning: inherit; font-feature-settings: inherit; font-variation-settings: inherit; vertical-align: baseline; color: #222222;\">RIGHTS &amp; PERMISSIONS<\/h3>\n<p style=\"margin: 0.85em 0px; padding: 0px; border: 0px #e1e1e1; font-variant-numeric: inherit; font-variant-east-asian: inherit; font-variant-alternates: inherit; font-variant-position: inherit; font-stretch: inherit; font-size: 13px; line-height: inherit; font-family: 'open sans', Helvetica, Arial, sans-serif; font-optical-sizing: inherit; font-kerning: inherit; font-feature-settings: inherit; font-variation-settings: inherit; vertical-align: baseline; color: #666666;\">The BYC keeps the rights for all photographs, audio, and video recordings made along the 5 days of the event. In order to avoid distractions participants will not be able to record or take photos during the sessions.<\/p>\n\n<h3 style=\"margin: 1.5em 0px 8px; padding: 0px; border: 0px #e1e1e1; font-variant-numeric: inherit; font-variant-east-asian: inherit; font-variant-alternates: inherit; font-variant-position: inherit; font-weight: 600; font-stretch: inherit; font-size: 20px; line-height: 1.1em; font-family: quicksand, Helvetica, Arial, sans-serif; font-optical-sizing: inherit; font-kerning: inherit; font-feature-settings: inherit; font-variation-settings: inherit; vertical-align: baseline; color: #222222;\">STANDS<\/h3>\n<p style=\"margin: 0.85em 0px; padding: 0px; border: 0px #e1e1e1; font-variant-numeric: inherit; font-variant-east-asian: inherit; font-variant-alternates: inherit; font-variant-position: inherit; font-stretch: inherit; font-size: 13px; line-height: inherit; font-family: 'open sans', Helvetica, Arial, sans-serif; font-optical-sizing: inherit; font-kerning: inherit; font-feature-settings: inherit; font-variation-settings: inherit; vertical-align: baseline; color: #666666;\">Consider carefully to ensure that BYC is the appropriate match for your project, this is a key element towards your stands overall success. BYC is not responsible for lost, damaged or stolen material during the Conference nor the amount of product sold.<\/p>\t\t\t\t\t\t\t\t<\/div>\n\t\t\t\t<\/div>\n\t\t\t\t\t<\/div>\n\t\t<\/div>\n\t\t\t\t\t<\/div>\n\t\t<\/section>\n\t\t\t\t\t<\/div>\n\t\t<\/div>\n\t\t\t\t\t<\/div>\n\t\t<\/section>\n\t\t\t\t<\/div>","protected":false},"excerpt":{"rendered":"<p>TERMS &amp; CONDITIONS EARLY ARRIVAL The registration desk will be open every morning one hour before the beginning of the first class. Arrive early so you have enough time to register and get to your class on time. You will need ID, Passport or invoice number to receive your wristband. Lost or stolen wristband will [&hellip;]<\/p>","protected":false},"author":3,"featured_media":9726,"parent":0,"menu_order":0,"comment_status":"closed","ping_status":"closed","template":"elementor_header_footer","meta":{"inline_featured_image":false,"footnotes":""},"class_list":["post-6889","page","type-page","status-publish","has-post-thumbnail","hentry"],"yoast_head":"<!-- This site is optimized with the Yoast SEO plugin v25.3.1 - https:\/\/yoast.com\/wordpress\/plugins\/seo\/ -->\n<title>Terms &amp; Conditions - Barcelona Yoga Conference<\/title>\n<meta name=\"robots\" content=\"index, follow, max-snippet:-1, max-image-preview:large, max-video-preview:-1\" \/>\n<link rel=\"canonical\" href=\"https:\/\/barcelonayogaconference.cat\/ca\/terms-conditions\/\" \/>\n<meta property=\"og:locale\" content=\"ca_ES\" \/>\n<meta property=\"og:type\" content=\"article\" \/>\n<meta property=\"og:title\" content=\"Terms &amp; Conditions - Barcelona Yoga Conference\" \/>\n<meta property=\"og:description\" content=\"TERMS &amp; CONDITIONS EARLY ARRIVAL The registration desk will be open every morning one hour before the beginning of the first class. Arrive early so you have enough time to register and get to your class on time. You will need ID, Passport or invoice number to receive your wristband. Lost or stolen wristband will [&hellip;]\" \/>\n<meta property=\"og:url\" content=\"https:\/\/barcelonayogaconference.cat\/ca\/terms-conditions\/\" \/>\n<meta property=\"og:site_name\" content=\"Barcelona Yoga Conference\" \/>\n<meta property=\"article:modified_time\" content=\"2024-10-20T20:43:44+00:00\" \/>\n<meta property=\"og:image\" content=\"https:\/\/barcelonayogaconference.cat\/wp-content\/uploads\/2023\/11\/356015690_777902617217501_5771728537819442744_n.jpg\" \/>\n\t<meta property=\"og:image:width\" content=\"225\" \/>\n\t<meta property=\"og:image:height\" content=\"225\" \/>\n\t<meta property=\"og:image:type\" content=\"image\/jpeg\" \/>\n<meta name=\"twitter:card\" content=\"summary_large_image\" \/>\n<meta name=\"twitter:label1\" content=\"Temps estimat de lectura\" \/>\n\t<meta name=\"twitter:data1\" content=\"2 minuts\" \/>\n<script type=\"application\/ld+json\" class=\"yoast-schema-graph\">{\"@context\":\"https:\/\/schema.org\",\"@graph\":[{\"@type\":\"WebPage\",\"@id\":\"https:\/\/barcelonayogaconference.cat\/terms-conditions\/\",\"url\":\"https:\/\/barcelonayogaconference.cat\/terms-conditions\/\",\"name\":\"Terms & Conditions - Barcelona Yoga Conference\",\"isPartOf\":{\"@id\":\"https:\/\/barcelonayogaconference.cat\/#website\"},\"primaryImageOfPage\":{\"@id\":\"https:\/\/barcelonayogaconference.cat\/terms-conditions\/#primaryimage\"},\"image\":{\"@id\":\"https:\/\/barcelonayogaconference.cat\/terms-conditions\/#primaryimage\"},\"thumbnailUrl\":\"https:\/\/barcelonayogaconference.cat\/wp-content\/uploads\/2023\/11\/356015690_777902617217501_5771728537819442744_n.jpg\",\"datePublished\":\"2023-11-02T01:59:41+00:00\",\"dateModified\":\"2024-10-20T20:43:44+00:00\",\"breadcrumb\":{\"@id\":\"https:\/\/barcelonayogaconference.cat\/terms-conditions\/#breadcrumb\"},\"inLanguage\":\"ca\",\"potentialAction\":[{\"@type\":\"ReadAction\",\"target\":[\"https:\/\/barcelonayogaconference.cat\/terms-conditions\/\"]}]},{\"@type\":\"ImageObject\",\"inLanguage\":\"ca\",\"@id\":\"https:\/\/barcelonayogaconference.cat\/terms-conditions\/#primaryimage\",\"url\":\"https:\/\/barcelonayogaconference.cat\/wp-content\/uploads\/2023\/11\/356015690_777902617217501_5771728537819442744_n.jpg\",\"contentUrl\":\"https:\/\/barcelonayogaconference.cat\/wp-content\/uploads\/2023\/11\/356015690_777902617217501_5771728537819442744_n.jpg\",\"width\":225,\"height\":225},{\"@type\":\"BreadcrumbList\",\"@id\":\"https:\/\/barcelonayogaconference.cat\/terms-conditions\/#breadcrumb\",\"itemListElement\":[{\"@type\":\"ListItem\",\"position\":1,\"name\":\"Home\",\"item\":\"https:\/\/barcelonayogaconference.cat\/\"},{\"@type\":\"ListItem\",\"position\":2,\"name\":\"Terms &#038; Conditions\"}]},{\"@type\":\"WebSite\",\"@id\":\"https:\/\/barcelonayogaconference.cat\/#website\",\"url\":\"https:\/\/barcelonayogaconference.cat\/\",\"name\":\"Barcelona Yoga Conference\",\"description\":\"5 full days with world-leading Yoga teachers and musical artists\",\"publisher\":{\"@id\":\"https:\/\/barcelonayogaconference.cat\/#organization\"},\"potentialAction\":[{\"@type\":\"SearchAction\",\"target\":{\"@type\":\"EntryPoint\",\"urlTemplate\":\"https:\/\/barcelonayogaconference.cat\/?s={search_term_string}\"},\"query-input\":{\"@type\":\"PropertyValueSpecification\",\"valueRequired\":true,\"valueName\":\"search_term_string\"}}],\"inLanguage\":\"ca\"},{\"@type\":\"Organization\",\"@id\":\"https:\/\/barcelonayogaconference.cat\/#organization\",\"name\":\"Barcelona Yoga Conference\",\"url\":\"https:\/\/barcelonayogaconference.cat\/\",\"logo\":{\"@type\":\"ImageObject\",\"inLanguage\":\"ca\",\"@id\":\"https:\/\/barcelonayogaconference.cat\/#\/schema\/logo\/image\/\",\"url\":\"https:\/\/barcelonayogaconference.cat\/wp-content\/uploads\/2023\/08\/byc-01.svg\",\"contentUrl\":\"https:\/\/barcelonayogaconference.cat\/wp-content\/uploads\/2023\/08\/byc-01.svg\",\"width\":500,\"height\":130,\"caption\":\"Barcelona Yoga Conference\"},\"image\":{\"@id\":\"https:\/\/barcelonayogaconference.cat\/#\/schema\/logo\/image\/\"}}]}<\/script>\n<!-- \/ Yoast SEO plugin. -->","yoast_head_json":{"title":"Terms & Conditions - Barcelona Yoga Conference","robots":{"index":"index","follow":"follow","max-snippet":"max-snippet:-1","max-image-preview":"max-image-preview:large","max-video-preview":"max-video-preview:-1"},"canonical":"https:\/\/barcelonayogaconference.cat\/ca\/terms-conditions\/","og_locale":"ca_ES","og_type":"article","og_title":"Terms & Conditions - Barcelona Yoga Conference","og_description":"TERMS &amp; CONDITIONS EARLY ARRIVAL The registration desk will be open every morning one hour before the beginning of the first class. Arrive early so you have enough time to register and get to your class on time. You will need ID, Passport or invoice number to receive your wristband. Lost or stolen wristband will [&hellip;]","og_url":"https:\/\/barcelonayogaconference.cat\/ca\/terms-conditions\/","og_site_name":"Barcelona Yoga Conference","article_modified_time":"2024-10-20T20:43:44+00:00","og_image":[{"width":225,"height":225,"url":"https:\/\/barcelonayogaconference.cat\/wp-content\/uploads\/2023\/11\/356015690_777902617217501_5771728537819442744_n.jpg","type":"image\/jpeg"}],"twitter_card":"summary_large_image","twitter_misc":{"Temps estimat de lectura":"2 minuts"},"schema":{"@context":"https:\/\/schema.org","@graph":[{"@type":"WebPage","@id":"https:\/\/barcelonayogaconference.cat\/terms-conditions\/","url":"https:\/\/barcelonayogaconference.cat\/terms-conditions\/","name":"Terms & Conditions - Barcelona Yoga Conference","isPartOf":{"@id":"https:\/\/barcelonayogaconference.cat\/#website"},"primaryImageOfPage":{"@id":"https:\/\/barcelonayogaconference.cat\/terms-conditions\/#primaryimage"},"image":{"@id":"https:\/\/barcelonayogaconference.cat\/terms-conditions\/#primaryimage"},"thumbnailUrl":"https:\/\/barcelonayogaconference.cat\/wp-content\/uploads\/2023\/11\/356015690_777902617217501_5771728537819442744_n.jpg","datePublished":"2023-11-02T01:59:41+00:00","dateModified":"2024-10-20T20:43:44+00:00","breadcrumb":{"@id":"https:\/\/barcelonayogaconference.cat\/terms-conditions\/#breadcrumb"},"inLanguage":"ca","potentialAction":[{"@type":"ReadAction","target":["https:\/\/barcelonayogaconference.cat\/terms-conditions\/"]}]},{"@type":"ImageObject","inLanguage":"ca","@id":"https:\/\/barcelonayogaconference.cat\/terms-conditions\/#primaryimage","url":"https:\/\/barcelonayogaconference.cat\/wp-content\/uploads\/2023\/11\/356015690_777902617217501_5771728537819442744_n.jpg","contentUrl":"https:\/\/barcelonayogaconference.cat\/wp-content\/uploads\/2023\/11\/356015690_777902617217501_5771728537819442744_n.jpg","width":225,"height":225},{"@type":"BreadcrumbList","@id":"https:\/\/barcelonayogaconference.cat\/terms-conditions\/#breadcrumb","itemListElement":[{"@type":"ListItem","position":1,"name":"Home","item":"https:\/\/barcelonayogaconference.cat\/"},{"@type":"ListItem","position":2,"name":"Terms &#038; Conditions"}]},{"@type":"WebSite","@id":"https:\/\/barcelonayogaconference.cat\/#website","url":"https:\/\/barcelonayogaconference.cat\/","name":"Barcelona Yoga Conference","description":"5 full days with world-leading Yoga teachers and musical artists","publisher":{"@id":"https:\/\/barcelonayogaconference.cat\/#organization"},"potentialAction":[{"@type":"SearchAction","target":{"@type":"EntryPoint","urlTemplate":"https:\/\/barcelonayogaconference.cat\/?s={search_term_string}"},"query-input":{"@type":"PropertyValueSpecification","valueRequired":true,"valueName":"search_term_string"}}],"inLanguage":"ca"},{"@type":"Organization","@id":"https:\/\/barcelonayogaconference.cat\/#organization","name":"Barcelona Yoga Conference","url":"https:\/\/barcelonayogaconference.cat\/","logo":{"@type":"ImageObject","inLanguage":"ca","@id":"https:\/\/barcelonayogaconference.cat\/#\/schema\/logo\/image\/","url":"https:\/\/barcelonayogaconference.cat\/wp-content\/uploads\/2023\/08\/byc-01.svg","contentUrl":"https:\/\/barcelonayogaconference.cat\/wp-content\/uploads\/2023\/08\/byc-01.svg","width":500,"height":130,"caption":"Barcelona Yoga Conference"},"image":{"@id":"https:\/\/barcelonayogaconference.cat\/#\/schema\/logo\/image\/"}}]}},"_links":{"self":[{"href":"https:\/\/barcelonayogaconference.cat\/ca\/wp-json\/wp\/v2\/pages\/6889","targetHints":{"allow":["GET"]}}],"collection":[{"href":"https:\/\/barcelonayogaconference.cat\/ca\/wp-json\/wp\/v2\/pages"}],"about":[{"href":"https:\/\/barcelonayogaconference.cat\/ca\/wp-json\/wp\/v2\/types\/page"}],"author":[{"embeddable":true,"href":"https:\/\/barcelonayogaconference.cat\/ca\/wp-json\/wp\/v2\/users\/3"}],"replies":[{"embeddable":true,"href":"https:\/\/barcelonayogaconference.cat\/ca\/wp-json\/wp\/v2\/comments?post=6889"}],"version-history":[{"count":29,"href":"https:\/\/barcelonayogaconference.cat\/ca\/wp-json\/wp\/v2\/pages\/6889\/revisions"}],"predecessor-version":[{"id":11802,"href":"https:\/\/barcelonayogaconference.cat\/ca\/wp-json\/wp\/v2\/pages\/6889\/revisions\/11802"}],"wp:featuredmedia":[{"embeddable":true,"href":"https:\/\/barcelonayogaconference.cat\/ca\/wp-json\/wp\/v2\/media\/9726"}],"wp:attachment":[{"href":"https:\/\/barcelonayogaconference.cat\/ca\/wp-json\/wp\/v2\/media?parent=6889"}],"curies":[{"name":"wp","href":"https:\/\/api.w.org\/{rel}","templated":true}]}}