{"id":6581,"date":"2023-11-01T09:06:44","date_gmt":"2023-11-01T09:06:44","guid":{"rendered":"https:\/\/barcelonayogaconference.cat\/?page_id=6581"},"modified":"2023-11-02T00:53:35","modified_gmt":"2023-11-02T00:53:35","slug":"location","status":"publish","type":"page","link":"https:\/\/barcelonayogaconference.cat\/es\/location\/","title":{"rendered":"UBICACI\u00d3N"},"content":{"rendered":"<div data-elementor-type=\"wp-page\" data-elementor-id=\"6581\" class=\"elementor elementor-6581\" data-elementor-post-type=\"page\">\n\t\t\t\t\t\t<section class=\"elementor-section elementor-top-section elementor-element elementor-element-19ee6775 elementor-section-stretched elementor-section-full_width elementor-section-content-middle elementor-section-height-min-height elementor-section-height-default elementor-section-items-middle\" data-id=\"19ee6775\" data-element_type=\"section\" data-settings=\"{&quot;stretch_section&quot;:&quot;section-stretched&quot;,&quot;background_background&quot;:&quot;classic&quot;}\">\n\t\t\t\t\t\t\t<div class=\"elementor-background-overlay\"><\/div>\n\t\t\t\t\t\t\t<div class=\"elementor-container elementor-column-gap-no\">\n\t\t\t\t\t<div class=\"elementor-column elementor-col-100 elementor-top-column elementor-element elementor-element-42dd3067\" data-id=\"42dd3067\" data-element_type=\"column\">\n\t\t\t<div class=\"elementor-widget-wrap elementor-element-populated\">\n\t\t\t\t\t\t<section class=\"elementor-section elementor-inner-section elementor-element elementor-element-3e8d0a73 elementor-section-content-middle elementor-section-boxed elementor-section-height-default elementor-section-height-default\" data-id=\"3e8d0a73\" data-element_type=\"section\">\n\t\t\t\t\t\t<div class=\"elementor-container elementor-column-gap-extended\">\n\t\t\t\t\t<div class=\"elementor-column elementor-col-100 elementor-inner-column elementor-element elementor-element-7b76213b\" data-id=\"7b76213b\" data-element_type=\"column\" data-settings=\"{&quot;animation&quot;:&quot;none&quot;}\">\n\t\t\t<div class=\"elementor-widget-wrap elementor-element-populated\">\n\t\t\t\t\t\t<div class=\"elementor-element elementor-element-4794e60 elementor-widget__width-initial elementor-invisible elementor-widget elementor-widget-heading\" data-id=\"4794e60\" data-element_type=\"widget\" data-settings=\"{&quot;_animation&quot;:&quot;slide-up&quot;}\" data-widget_type=\"heading.default\">\n\t\t\t\t<div class=\"elementor-widget-container\">\n\t\t\t\t\t<h1 class=\"elementor-heading-title elementor-size-default\">UBICACI\u00d3N<\/h1>\t\t\t\t<\/div>\n\t\t\t\t<\/div>\n\t\t\t\t\t<\/div>\n\t\t<\/div>\n\t\t\t\t\t<\/div>\n\t\t<\/section>\n\t\t\t\t\t<\/div>\n\t\t<\/div>\n\t\t\t\t\t<\/div>\n\t\t<\/section>\n\t\t\t\t<section class=\"elementor-section elementor-top-section elementor-element elementor-element-4b2979c elementor-section-boxed elementor-section-height-default elementor-section-height-default\" data-id=\"4b2979c\" data-element_type=\"section\">\n\t\t\t\t\t\t<div class=\"elementor-container elementor-column-gap-default\">\n\t\t\t\t\t<div class=\"elementor-column elementor-col-33 elementor-top-column elementor-element elementor-element-0974176\" data-id=\"0974176\" data-element_type=\"column\">\n\t\t\t<div class=\"elementor-widget-wrap elementor-element-populated\">\n\t\t\t\t\t\t<div class=\"elementor-element elementor-element-3c8a3ca1 elementor-widget elementor-widget-heading\" data-id=\"3c8a3ca1\" data-element_type=\"widget\" data-widget_type=\"heading.default\">\n\t\t\t\t<div class=\"elementor-widget-container\">\n\t\t\t\t\t<h3 class=\"elementor-heading-title elementor-size-default\"><span style=\"font-family: quicksand, Helvetica, Arial, sans-serif;font-size: 40px\">Escola del <br>Sagrat Cor de <br>Sarri\u00e0, Barcelona<br><\/span><\/h3>\t\t\t\t<\/div>\n\t\t\t\t<\/div>\n\t\t\t\t\t<\/div>\n\t\t<\/div>\n\t\t\t\t<div class=\"elementor-column elementor-col-33 elementor-top-column elementor-element elementor-element-50dc5fd\" data-id=\"50dc5fd\" data-element_type=\"column\">\n\t\t\t<div class=\"elementor-widget-wrap elementor-element-populated\">\n\t\t\t\t\t\t<div class=\"elementor-element elementor-element-dced541 elementor-widget elementor-widget-text-editor\" data-id=\"dced541\" data-element_type=\"widget\" data-widget_type=\"text-editor.default\">\n\t\t\t\t<div class=\"elementor-widget-container\">\n\t\t\t\t\t\t\t\t\t<h3 style=\"margin: 0px 0px 8px; padding: 0px; border: 0px #e1e1e1; font-variant-numeric: inherit; font-variant-east-asian: inherit; font-variant-alternates: inherit; font-variant-position: inherit; font-stretch: inherit; font-size: 20px; line-height: 1.1em; font-family: quicksand, Helvetica, Arial, sans-serif; font-optical-sizing: inherit; font-kerning: inherit; font-feature-settings: inherit; font-variation-settings: inherit; vertical-align: baseline; color: #222222;\">Direcci\u00f3n\u00a0<\/h3><p style=\"margin: 0.85em 0px; padding: 0px; border: 0px #e1e1e1; font-variant-numeric: inherit; font-variant-east-asian: inherit; font-variant-alternates: inherit; font-variant-position: inherit; font-stretch: inherit; font-size: 13px; line-height: inherit; font-family: 'open sans', Helvetica, Arial, sans-serif; font-optical-sizing: inherit; font-kerning: inherit; font-feature-settings: inherit; font-variation-settings: inherit; vertical-align: baseline; color: #666666;\">Ramon Miquel i Planas 40-38. 08034 Barcelona<\/p><h3 style=\"margin: 1.5em 0px 8px; padding: 0px; border: 0px #e1e1e1; font-variant-numeric: inherit; font-variant-east-asian: inherit; font-variant-alternates: inherit; font-variant-position: inherit; font-stretch: inherit; font-size: 20px; line-height: 1.1em; font-family: quicksand, Helvetica, Arial, sans-serif; font-optical-sizing: inherit; font-kerning: inherit; font-feature-settings: inherit; font-variation-settings: inherit; vertical-align: baseline; color: #222222;\">Estaciones m\u00e1s cercanas\u00a0\u00a0<\/h3><ul style=\"margin: 0px 0px 20px 7px; padding: 0px; border-color: #e1e1e1; font-variant-numeric: inherit; font-variant-east-asian: inherit; font-variant-alternates: inherit; font-variant-position: inherit; font-stretch: inherit; font-size: 13px; line-height: inherit; font-family: 'open sans', Helvetica, Arial, sans-serif; font-optical-sizing: inherit; font-kerning: inherit; font-feature-settings: inherit; font-variation-settings: inherit; list-style-position: outside; list-style-image: initial; color: #666666; background-color: #ffffff;\"><li style=\"margin: 0px 0px 0px 1em; padding: 3px 0px; border-color: #e1e1e1; font-style: inherit; font-variant: inherit; font-stretch: inherit; font-size: inherit; line-height: inherit; font-family: inherit; font-optical-sizing: inherit; font-kerning: inherit; font-feature-settings: inherit; font-variation-settings: inherit;\">Ferrocarrils Catalans L6 (Metro):\u00a0<em style=\"margin: 0px; padding: 0px; border: 0px #e1e1e1; font-variant: inherit; font-stretch: inherit; font-size: inherit; line-height: inherit; font-family: inherit; font-optical-sizing: inherit; font-kerning: inherit; font-feature-settings: inherit; font-variation-settings: inherit; vertical-align: baseline;\">Reina Elisenda<\/em><\/li><li style=\"margin: 0px 0px 0px 1em; padding: 3px 0px; border-color: #e1e1e1; font-style: inherit; font-variant: inherit; font-stretch: inherit; font-size: inherit; line-height: inherit; font-family: inherit; font-optical-sizing: inherit; font-kerning: inherit; font-feature-settings: inherit; font-variation-settings: inherit;\">Bus L22:\u00a0<em style=\"margin: 0px; padding: 0px; border: 0px #e1e1e1; font-variant: inherit; font-stretch: inherit; font-size: inherit; line-height: inherit; font-family: inherit; font-optical-sizing: inherit; font-kerning: inherit; font-feature-settings: inherit; font-variation-settings: inherit; vertical-align: baseline;\">Reina Elisenda<\/em>\u00a0<\/li><\/ul><h3 style=\"margin: 0px 0px 8px; padding: 0px; border: 0px #e1e1e1; font-variant-numeric: inherit; font-variant-east-asian: inherit; font-variant-alternates: inherit; font-variant-position: inherit; font-stretch: inherit; font-size: 20px; line-height: 1.1em; font-family: quicksand, Helvetica, Arial, sans-serif; font-optical-sizing: inherit; font-kerning: inherit; font-feature-settings: inherit; font-variation-settings: inherit; vertical-align: baseline; color: #222222;\">Estacionamiento gratuito cerca\u00a0<\/h3><p style=\"margin: 0.85em 0px; padding: 0px; border: 0px #e1e1e1; font-variant-numeric: inherit; font-variant-east-asian: inherit; font-variant-alternates: inherit; font-variant-position: inherit; font-stretch: inherit; font-size: 13px; line-height: inherit; font-family: 'open sans', Helvetica, Arial, sans-serif; font-optical-sizing: inherit; font-kerning: inherit; font-feature-settings: inherit; font-variation-settings: inherit; vertical-align: baseline; color: #666666;\">Carrer Gaspar Cassad\u00f3, 18<br \/>08034 Barcelona<\/p>\t\t\t\t\t\t\t\t<\/div>\n\t\t\t\t<\/div>\n\t\t\t\t\t<\/div>\n\t\t<\/div>\n\t\t\t\t<div class=\"elementor-column elementor-col-33 elementor-top-column elementor-element elementor-element-4bef908\" data-id=\"4bef908\" data-element_type=\"column\">\n\t\t\t<div class=\"elementor-widget-wrap elementor-element-populated\">\n\t\t\t\t\t\t<div class=\"elementor-element elementor-element-3fbd25c7 elementor-widget elementor-widget-heading\" data-id=\"3fbd25c7\" data-element_type=\"widget\" data-widget_type=\"heading.default\">\n\t\t\t\t<div class=\"elementor-widget-container\">\n\t\t\t\t\t<h3 class=\"elementor-heading-title elementor-size-default\">C\u00f3mo llegar \n\n\n\n\n\n\n<\/h3>\t\t\t\t<\/div>\n\t\t\t\t<\/div>\n\t\t\t\t<div class=\"elementor-element elementor-element-5ae718c elementor-widget elementor-widget-toggle\" data-id=\"5ae718c\" data-element_type=\"widget\" data-widget_type=\"toggle.default\">\n\t\t\t\t<div class=\"elementor-widget-container\">\n\t\t\t\t\t\t\t<div class=\"elementor-toggle\">\n\t\t\t\t\t\t\t<div class=\"elementor-toggle-item\">\n\t\t\t\t\t<div id=\"elementor-tab-title-9531\" class=\"elementor-tab-title\" data-tab=\"1\" role=\"button\" aria-controls=\"elementor-tab-content-9531\" aria-expanded=\"false\">\n\t\t\t\t\t\t\t\t\t\t\t\t<span class=\"elementor-toggle-icon elementor-toggle-icon-left\" aria-hidden=\"true\">\n\t\t\t\t\t\t\t\t\t\t\t\t\t\t\t<span class=\"elementor-toggle-icon-closed\"><i class=\"fas fa-caret-right\"><\/i><\/span>\n\t\t\t\t\t\t\t\t<span class=\"elementor-toggle-icon-opened\"><i class=\"elementor-toggle-icon-opened fas fa-caret-up\"><\/i><\/span>\n\t\t\t\t\t\t\t\t\t\t\t\t\t<\/span>\n\t\t\t\t\t\t\t\t\t\t\t\t<a class=\"elementor-toggle-title\" tabindex=\"0\">DESDE  PLA\u00c7A CATALUNYA<\/a>\n\t\t\t\t\t<\/div>\n\n\t\t\t\t\t<div id=\"elementor-tab-content-9531\" class=\"elementor-tab-content elementor-clearfix\" data-tab=\"1\" role=\"region\" aria-labelledby=\"elementor-tab-title-9531\"><ul><li>Ferrocarrils Catalans L6 to\u00a0<em><strong>Reina Elisenda<\/strong><\/em><\/li><li>Bus L22 from Pla\u00e7a Catalunya to Passeig\u00a0<strong><em>Reina Elisenda\u00a0<\/em><\/strong><\/li><\/ul><\/div>\n\t\t\t\t<\/div>\n\t\t\t\t\t\t\t<div class=\"elementor-toggle-item\">\n\t\t\t\t\t<div id=\"elementor-tab-title-9532\" class=\"elementor-tab-title\" data-tab=\"2\" role=\"button\" aria-controls=\"elementor-tab-content-9532\" aria-expanded=\"false\">\n\t\t\t\t\t\t\t\t\t\t\t\t<span class=\"elementor-toggle-icon elementor-toggle-icon-left\" aria-hidden=\"true\">\n\t\t\t\t\t\t\t\t\t\t\t\t\t\t\t<span class=\"elementor-toggle-icon-closed\"><i class=\"fas fa-caret-right\"><\/i><\/span>\n\t\t\t\t\t\t\t\t<span class=\"elementor-toggle-icon-opened\"><i class=\"elementor-toggle-icon-opened fas fa-caret-up\"><\/i><\/span>\n\t\t\t\t\t\t\t\t\t\t\t\t\t<\/span>\n\t\t\t\t\t\t\t\t\t\t\t\t<a class=\"elementor-toggle-title\" tabindex=\"0\">DESDE EL AEROPUERTO DE BARCELONA<\/a>\n\t\t\t\t\t<\/div>\n\n\t\t\t\t\t<div id=\"elementor-tab-content-9532\" class=\"elementor-tab-content elementor-clearfix\" data-tab=\"2\" role=\"region\" aria-labelledby=\"elementor-tab-title-9532\"><ul><li>Train Renfe to \u2018Pla\u00e7a Catalunya\u2019 (25min) + Ferrocarrils Catalans L6 to<strong><em>\u00a0Reina Elisenda<\/em><\/strong><\/li><li>Bus to Pla\u00e7a Catalunya +\u00a0Ferrocarrils Catalans L6 to\u00a0<em><strong>Reina Elisenda<\/strong><\/em><\/li><li>Un taxi tardar\u00e1 20 minutos y costar\u00e1 entre 25-35\u20ac.<\/li><\/ul><\/div>\n\t\t\t\t<\/div>\n\t\t\t\t\t\t\t<div class=\"elementor-toggle-item\">\n\t\t\t\t\t<div id=\"elementor-tab-title-9533\" class=\"elementor-tab-title\" data-tab=\"3\" role=\"button\" aria-controls=\"elementor-tab-content-9533\" aria-expanded=\"false\">\n\t\t\t\t\t\t\t\t\t\t\t\t<span class=\"elementor-toggle-icon elementor-toggle-icon-left\" aria-hidden=\"true\">\n\t\t\t\t\t\t\t\t\t\t\t\t\t\t\t<span class=\"elementor-toggle-icon-closed\"><i class=\"fas fa-caret-right\"><\/i><\/span>\n\t\t\t\t\t\t\t\t<span class=\"elementor-toggle-icon-opened\"><i class=\"elementor-toggle-icon-opened fas fa-caret-up\"><\/i><\/span>\n\t\t\t\t\t\t\t\t\t\t\t\t\t<\/span>\n\t\t\t\t\t\t\t\t\t\t\t\t<a class=\"elementor-toggle-title\" tabindex=\"0\">DESDE GIRONA<\/a>\n\t\t\t\t\t<\/div>\n\n\t\t\t\t\t<div id=\"elementor-tab-content-9533\" class=\"elementor-tab-content elementor-clearfix\" data-tab=\"3\" role=\"region\" aria-labelledby=\"elementor-tab-title-9533\"><p>Bus\u00a0<em>Sagal\u00e9s<\/em>\u00a0to Barcelona\u00a0<em>Estaci\u00f3 del Nord<\/em>\u00a0+ Metro\u00a0<em>Arc de Triomf L1<\/em>\u00a0to\u00a0<em>Plaza Catalu\u00f1a<\/em>\u00a0+\u00a0Ferrocarrils Catalans L6 to\u00a0<em>Reina Elisenda<\/em><\/p><p>Bus to Girona city + Train Renfe to\u00a0<em>Barcelona Sants<\/em>\u00a0+ Metro L1 to\u00a0<em>Plaza Catalu\u00f1a<\/em>\u00a0 +\u00a0Ferrocarrils Catalans L6 to\u00a0<em>Reina Elisenda<\/em><\/p><\/div>\n\t\t\t\t<\/div>\n\t\t\t\t\t\t\t<div class=\"elementor-toggle-item\">\n\t\t\t\t\t<div id=\"elementor-tab-title-9534\" class=\"elementor-tab-title\" data-tab=\"4\" role=\"button\" aria-controls=\"elementor-tab-content-9534\" aria-expanded=\"false\">\n\t\t\t\t\t\t\t\t\t\t\t\t<span class=\"elementor-toggle-icon elementor-toggle-icon-left\" aria-hidden=\"true\">\n\t\t\t\t\t\t\t\t\t\t\t\t\t\t\t<span class=\"elementor-toggle-icon-closed\"><i class=\"fas fa-caret-right\"><\/i><\/span>\n\t\t\t\t\t\t\t\t<span class=\"elementor-toggle-icon-opened\"><i class=\"elementor-toggle-icon-opened fas fa-caret-up\"><\/i><\/span>\n\t\t\t\t\t\t\t\t\t\t\t\t\t<\/span>\n\t\t\t\t\t\t\t\t\t\t\t\t<a class=\"elementor-toggle-title\" tabindex=\"0\">DESDE LA PLAYA<\/a>\n\t\t\t\t\t<\/div>\n\n\t\t\t\t\t<div id=\"elementor-tab-content-9534\" class=\"elementor-tab-content elementor-clearfix\" data-tab=\"4\" role=\"region\" aria-labelledby=\"elementor-tab-title-9534\"><p>Ferrocarrils Catalans from\u00a0<em>Reina Elisenda L6<\/em>\u00a0to<em>\u00a0Pla\u00e7a Catalunya L6<\/em>\u00a0+ Metro from\u00a0<em>Plaza Catalu\u00f1a\u00a0<\/em>L4 to\u00a0<em>Barceloneta<\/em>\u00a0L4<\/p><\/div>\n\t\t\t\t<\/div>\n\t\t\t\t\t\t\t\t<\/div>\n\t\t\t\t\t\t<\/div>\n\t\t\t\t<\/div>\n\t\t\t\t\t<\/div>\n\t\t<\/div>\n\t\t\t\t\t<\/div>\n\t\t<\/section>\n\t\t\t\t<section class=\"elementor-section elementor-top-section elementor-element elementor-element-6343075 elementor-section-height-min-height elementor-section-boxed elementor-section-height-default elementor-section-items-middle\" data-id=\"6343075\" data-element_type=\"section\">\n\t\t\t\t\t\t<div class=\"elementor-container elementor-column-gap-default\">\n\t\t\t\t\t<div class=\"elementor-column elementor-col-100 elementor-top-column elementor-element elementor-element-32903de\" data-id=\"32903de\" data-element_type=\"column\">\n\t\t\t<div class=\"elementor-widget-wrap elementor-element-populated\">\n\t\t\t\t\t\t<div class=\"elementor-element elementor-element-42e638c elementor-widget elementor-widget-google_maps\" data-id=\"42e638c\" data-element_type=\"widget\" data-widget_type=\"google_maps.default\">\n\t\t\t\t<div class=\"elementor-widget-container\">\n\t\t\t\t\t\t\t<div class=\"elementor-custom-embed\">\n\t\t\t<iframe loading=\"lazy\"\n\t\t\t\t\tsrc=\"https:\/\/maps.google.com\/maps?q=Escola%20Sagrat%20Cor%20de%20Sarri%C3%A0%20Barcelona&#038;t=m&#038;z=13&#038;output=embed&#038;iwloc=near\"\n\t\t\t\t\ttitle=\"Escola Sagrat Cor de Sarri\u00e0 Barcelona\"\n\t\t\t\t\taria-label=\"Escola Sagrat Cor de Sarri\u00e0 Barcelona\"\n\t\t\t><\/iframe>\n\t\t<\/div>\n\t\t\t\t\t\t<\/div>\n\t\t\t\t<\/div>\n\t\t\t\t\t<\/div>\n\t\t<\/div>\n\t\t\t\t\t<\/div>\n\t\t<\/section>\n\t\t\t\t<section class=\"elementor-section elementor-top-section elementor-element elementor-element-3ea3194 elementor-section-boxed elementor-section-height-default elementor-section-height-default\" data-id=\"3ea3194\" data-element_type=\"section\">\n\t\t\t\t\t\t<div class=\"elementor-container elementor-column-gap-default\">\n\t\t\t\t\t<div class=\"elementor-column elementor-col-100 elementor-top-column elementor-element elementor-element-8b92482\" data-id=\"8b92482\" data-element_type=\"column\">\n\t\t\t<div class=\"elementor-widget-wrap elementor-element-populated\">\n\t\t\t\t\t\t<div class=\"elementor-element elementor-element-8d44ec5 elementor-widget elementor-widget-heading\" data-id=\"8d44ec5\" data-element_type=\"widget\" data-widget_type=\"heading.default\">\n\t\t\t\t<div class=\"elementor-widget-container\">\n\t\t\t\t\t<h2 class=\"elementor-heading-title elementor-size-default\">OPCIONES DE ALOJAMIENTO<\/h2>\t\t\t\t<\/div>\n\t\t\t\t<\/div>\n\t\t\t\t<div class=\"elementor-element elementor-element-95cff1b elementor-widget elementor-widget-html\" data-id=\"95cff1b\" data-element_type=\"widget\" data-widget_type=\"html.default\">\n\t\t\t\t<div class=\"elementor-widget-container\">\n\t\t\t\t\t<iframe id=\"stay22-widget\" width=\"100%\" height=\"428\" src=\"https:\/\/www.stay22.com\/embed\/5f7b912566d4541293c0ba73\" frameborder=\"0\"><\/iframe>\t\t\t\t<\/div>\n\t\t\t\t<\/div>\n\t\t\t\t\t<\/div>\n\t\t<\/div>\n\t\t\t\t\t<\/div>\n\t\t<\/section>\n\t\t\t\t<section class=\"elementor-section elementor-top-section elementor-element elementor-element-13c273e elementor-section-boxed elementor-section-height-default elementor-section-height-default\" data-id=\"13c273e\" data-element_type=\"section\">\n\t\t\t\t\t\t<div class=\"elementor-container elementor-column-gap-default\">\n\t\t\t\t\t<div class=\"elementor-column elementor-col-100 elementor-top-column elementor-element elementor-element-42587ca\" data-id=\"42587ca\" data-element_type=\"column\">\n\t\t\t<div class=\"elementor-widget-wrap elementor-element-populated\">\n\t\t\t\t\t\t<div class=\"elementor-element elementor-element-cbc5e43 elementor-widget-divider--view-line elementor-widget elementor-widget-divider\" data-id=\"cbc5e43\" data-element_type=\"widget\" data-widget_type=\"divider.default\">\n\t\t\t\t<div class=\"elementor-widget-container\">\n\t\t\t\t\t\t\t<div class=\"elementor-divider\">\n\t\t\t<span class=\"elementor-divider-separator\">\n\t\t\t\t\t\t<\/span>\n\t\t<\/div>\n\t\t\t\t\t\t<\/div>\n\t\t\t\t<\/div>\n\t\t\t\t<div class=\"elementor-element elementor-element-b083c6b elementor-widget elementor-widget-heading\" data-id=\"b083c6b\" data-element_type=\"widget\" data-widget_type=\"heading.default\">\n\t\t\t\t<div class=\"elementor-widget-container\">\n\t\t\t\t\t<h3 class=\"elementor-heading-title elementor-size-xl\">Bienvenidos a Barcelona<\/h3>\t\t\t\t<\/div>\n\t\t\t\t<\/div>\n\t\t\t\t\t<\/div>\n\t\t<\/div>\n\t\t\t\t\t<\/div>\n\t\t<\/section>\n\t\t\t\t<section class=\"elementor-section elementor-top-section elementor-element elementor-element-be1fc4d elementor-section-boxed elementor-section-height-default elementor-section-height-default\" data-id=\"be1fc4d\" data-element_type=\"section\">\n\t\t\t\t\t\t<div class=\"elementor-container elementor-column-gap-default\">\n\t\t\t\t\t<div class=\"elementor-column elementor-col-33 elementor-top-column elementor-element elementor-element-c05f745\" data-id=\"c05f745\" data-element_type=\"column\">\n\t\t\t<div class=\"elementor-widget-wrap elementor-element-populated\">\n\t\t\t\t\t\t<div class=\"elementor-element elementor-element-90c8bca elementor-widget elementor-widget-image\" data-id=\"90c8bca\" data-element_type=\"widget\" data-widget_type=\"image.default\">\n\t\t\t\t<div class=\"elementor-widget-container\">\n\t\t\t\t\t\t\t\t\t\t\t\t\t\t\t<img fetchpriority=\"high\" decoding=\"async\" width=\"396\" height=\"275\" src=\"https:\/\/barcelonayogaconference.cat\/wp-content\/uploads\/2023\/11\/barcelona_meditarranean.png\" class=\"attachment-large size-large wp-image-6596\" alt=\"\" srcset=\"https:\/\/barcelonayogaconference.cat\/wp-content\/uploads\/2023\/11\/barcelona_meditarranean.png 396w, https:\/\/barcelonayogaconference.cat\/wp-content\/uploads\/2023\/11\/barcelona_meditarranean-300x208.png 300w\" sizes=\"(max-width: 396px) 100vw, 396px\" \/>\t\t\t\t\t\t\t\t\t\t\t\t\t\t\t<\/div>\n\t\t\t\t<\/div>\n\t\t\t\t<div class=\"elementor-element elementor-element-6ad444a elementor-widget elementor-widget-heading\" data-id=\"6ad444a\" data-element_type=\"widget\" data-widget_type=\"heading.default\">\n\t\t\t\t<div class=\"elementor-widget-container\">\n\t\t\t\t\t<h4 class=\"elementor-heading-title elementor-size-default\">Ciudad Mediterranea<\/h4>\t\t\t\t<\/div>\n\t\t\t\t<\/div>\n\t\t\t\t<div class=\"elementor-element elementor-element-56b62b5 elementor-widget elementor-widget-text-editor\" data-id=\"56b62b5\" data-element_type=\"widget\" data-widget_type=\"text-editor.default\">\n\t\t\t\t<div class=\"elementor-widget-container\">\n\t\t\t\t\t\t\t\t\t<p>Barcelona es inequ\u00edvocamente una ciudad mediterr\u00e1nea, no s\u00f3lo por su situaci\u00f3n geogr\u00e1fica sino tambi\u00e9n y sobre todo por su historia, tradici\u00f3n e influencias culturales. La historia documentada de la ciudad se remonta a la fundaci\u00f3n de una colonia romana en sus tierras en el siglo II a.C.<\/p><p>Barcelona, \u200b\u200bm\u00e1s que una ciudad, es en realidad un conjunto de ciudades polifac\u00e9ticas y diversas. Al visitante que no conozca su historia le sorprender\u00e1 que una ciudad tan moderna y emprendedora conserve casi intacto su casco hist\u00f3rico g\u00f3tico, o el curioso contraste entre el laberinto de calles estrechas y el trazado en cuadr\u00edcula del Eixample, el proyecto urban\u00edstico del Ensanche de finales del siglo XIX.<\/p>\t\t\t\t\t\t\t\t<\/div>\n\t\t\t\t<\/div>\n\t\t\t\t\t<\/div>\n\t\t<\/div>\n\t\t\t\t<div class=\"elementor-column elementor-col-33 elementor-top-column elementor-element elementor-element-865432a\" data-id=\"865432a\" data-element_type=\"column\">\n\t\t\t<div class=\"elementor-widget-wrap elementor-element-populated\">\n\t\t\t\t\t\t<div class=\"elementor-element elementor-element-761094f elementor-widget elementor-widget-image\" data-id=\"761094f\" data-element_type=\"widget\" data-widget_type=\"image.default\">\n\t\t\t\t<div class=\"elementor-widget-container\">\n\t\t\t\t\t\t\t\t\t\t\t\t\t\t\t<img decoding=\"async\" width=\"396\" height=\"275\" src=\"https:\/\/barcelonayogaconference.cat\/wp-content\/uploads\/2023\/11\/barcelona_castellers.png\" class=\"attachment-large size-large wp-image-6597\" alt=\"\" srcset=\"https:\/\/barcelonayogaconference.cat\/wp-content\/uploads\/2023\/11\/barcelona_castellers.png 396w, https:\/\/barcelonayogaconference.cat\/wp-content\/uploads\/2023\/11\/barcelona_castellers-300x208.png 300w\" sizes=\"(max-width: 396px) 100vw, 396px\" \/>\t\t\t\t\t\t\t\t\t\t\t\t\t\t\t<\/div>\n\t\t\t\t<\/div>\n\t\t\t\t<div class=\"elementor-element elementor-element-4d6bbf2 elementor-widget elementor-widget-heading\" data-id=\"4d6bbf2\" data-element_type=\"widget\" data-widget_type=\"heading.default\">\n\t\t\t\t<div class=\"elementor-widget-container\">\n\t\t\t\t\t<h4 class=\"elementor-heading-title elementor-size-default\">Capital de Catalu\u00f1a<\/h4>\t\t\t\t<\/div>\n\t\t\t\t<\/div>\n\t\t\t\t<div class=\"elementor-element elementor-element-bec347e elementor-widget elementor-widget-text-editor\" data-id=\"bec347e\" data-element_type=\"widget\" data-widget_type=\"text-editor.default\">\n\t\t\t\t<div class=\"elementor-widget-container\">\n\t\t\t\t\t\t\t\t\t<p>En una posici\u00f3n privilegiada en la costa noreste de la pen\u00ednsula Ib\u00e9rica y a orillas del Mediterr\u00e1neo, Barcelona es la capital de Catalu\u00f1a.<\/p><p>A Barcelona es parlen dues lleng\u00fces oficials: el catal\u00e0, que es parla generalment a tot Catalunya, i el castell\u00e0. La ciutat de Barcelona t\u00e9 una poblaci\u00f3 d'1.510.000 habitants, per\u00f2 aquesta xifra puja a m\u00e9s de 4.000.000 si tamb\u00e9 s'inclouen les zones perif\u00e8riques.<\/p>\t\t\t\t\t\t\t\t<\/div>\n\t\t\t\t<\/div>\n\t\t\t\t\t<\/div>\n\t\t<\/div>\n\t\t\t\t<div class=\"elementor-column elementor-col-33 elementor-top-column elementor-element elementor-element-c6d1331\" data-id=\"c6d1331\" data-element_type=\"column\">\n\t\t\t<div class=\"elementor-widget-wrap elementor-element-populated\">\n\t\t\t\t\t\t<div class=\"elementor-element elementor-element-15f2ee1 elementor-widget elementor-widget-image\" data-id=\"15f2ee1\" data-element_type=\"widget\" data-widget_type=\"image.default\">\n\t\t\t\t<div class=\"elementor-widget-container\">\n\t\t\t\t\t\t\t\t\t\t\t\t\t\t\t<img decoding=\"async\" width=\"396\" height=\"275\" src=\"https:\/\/barcelonayogaconference.cat\/wp-content\/uploads\/2023\/11\/barcelona_gaudi12.png\" class=\"attachment-large size-large wp-image-6598\" alt=\"\" srcset=\"https:\/\/barcelonayogaconference.cat\/wp-content\/uploads\/2023\/11\/barcelona_gaudi12.png 396w, https:\/\/barcelonayogaconference.cat\/wp-content\/uploads\/2023\/11\/barcelona_gaudi12-300x208.png 300w\" sizes=\"(max-width: 396px) 100vw, 396px\" \/>\t\t\t\t\t\t\t\t\t\t\t\t\t\t\t<\/div>\n\t\t\t\t<\/div>\n\t\t\t\t<div class=\"elementor-element elementor-element-8c70498 elementor-widget elementor-widget-heading\" data-id=\"8c70498\" data-element_type=\"widget\" data-widget_type=\"heading.default\">\n\t\t\t\t<div class=\"elementor-widget-container\">\n\t\t\t\t\t<h4 class=\"elementor-heading-title elementor-size-default\">Cultura modernista<\/h4>\t\t\t\t<\/div>\n\t\t\t\t<\/div>\n\t\t\t\t<div class=\"elementor-element elementor-element-580e8b7 elementor-widget elementor-widget-text-editor\" data-id=\"580e8b7\" data-element_type=\"widget\" data-widget_type=\"text-editor.default\">\n\t\t\t\t<div class=\"elementor-widget-container\">\n\t\t\t\t\t\t\t\t\t<p>La cultura y las artes florecieron en Barcelona y en toda Catalu\u00f1a; el esplendor alcanzado por el modernismo catal\u00e1n es una de sus manifestaciones m\u00e1s patentes.<\/p><p>La seva principal forma d'expressi\u00f3 era l'arquitectura, per\u00f2 hi intervenen moltes altres arts (pintura, escultura, etc.), i sobretot el disseny i les arts decoratives (ebenisteria, fusteria, ferro forjat, rajoles cer\u00e0miques, cer\u00e0mica, vidre, plata). i l'orfebreria, etc.), que van ser especialment importants, sobretot pel seu paper de suport a l'arquitectura. El modernisme tamb\u00e9 va ser un moviment literari (poesia, ficci\u00f3, dramat\u00fargia).<\/p>\t\t\t\t\t\t\t\t<\/div>\n\t\t\t\t<\/div>\n\t\t\t\t\t<\/div>\n\t\t<\/div>\n\t\t\t\t\t<\/div>\n\t\t<\/section>\n\t\t\t\t<section class=\"elementor-section elementor-top-section elementor-element elementor-element-8e8ba2f elementor-section-boxed elementor-section-height-default elementor-section-height-default\" data-id=\"8e8ba2f\" data-element_type=\"section\">\n\t\t\t\t\t\t<div class=\"elementor-container elementor-column-gap-default\">\n\t\t\t\t\t<div class=\"elementor-column elementor-col-100 elementor-top-column elementor-element elementor-element-18a21ac\" data-id=\"18a21ac\" data-element_type=\"column\">\n\t\t\t<div class=\"elementor-widget-wrap elementor-element-populated\">\n\t\t\t\t\t\t<div class=\"elementor-element elementor-element-06acab2 elementor-widget-divider--view-line elementor-widget elementor-widget-divider\" data-id=\"06acab2\" data-element_type=\"widget\" data-widget_type=\"divider.default\">\n\t\t\t\t<div class=\"elementor-widget-container\">\n\t\t\t\t\t\t\t<div class=\"elementor-divider\">\n\t\t\t<span class=\"elementor-divider-separator\">\n\t\t\t\t\t\t<\/span>\n\t\t<\/div>\n\t\t\t\t\t\t<\/div>\n\t\t\t\t<\/div>\n\t\t\t\t<div class=\"elementor-element elementor-element-3dd9224 elementor-widget elementor-widget-heading\" data-id=\"3dd9224\" data-element_type=\"widget\" data-widget_type=\"heading.default\">\n\t\t\t\t<div class=\"elementor-widget-container\">\n\t\t\t\t\t<h3 class=\"elementor-heading-title elementor-size-xl\">Gu\u00eda de la ciudad<\/h3>\t\t\t\t<\/div>\n\t\t\t\t<\/div>\n\t\t\t\t\t<\/div>\n\t\t<\/div>\n\t\t\t\t\t<\/div>\n\t\t<\/section>\n\t\t\t\t<section class=\"elementor-section elementor-top-section elementor-element elementor-element-1a05dc6 elementor-section-boxed elementor-section-height-default elementor-section-height-default\" data-id=\"1a05dc6\" data-element_type=\"section\">\n\t\t\t\t\t\t<div class=\"elementor-container elementor-column-gap-default\">\n\t\t\t\t\t<div class=\"elementor-column elementor-col-33 elementor-top-column elementor-element elementor-element-a69e32c\" data-id=\"a69e32c\" data-element_type=\"column\">\n\t\t\t<div class=\"elementor-widget-wrap elementor-element-populated\">\n\t\t\t\t\t\t<div class=\"elementor-element elementor-element-4c5bb3e elementor-widget elementor-widget-image\" data-id=\"4c5bb3e\" data-element_type=\"widget\" data-widget_type=\"image.default\">\n\t\t\t\t<div class=\"elementor-widget-container\">\n\t\t\t\t\t\t\t\t\t\t\t\t\t\t\t<img loading=\"lazy\" decoding=\"async\" width=\"396\" height=\"275\" src=\"https:\/\/barcelonayogaconference.cat\/wp-content\/uploads\/2023\/11\/Sagrada-Familia.png\" class=\"attachment-large size-large wp-image-6602\" alt=\"\" srcset=\"https:\/\/barcelonayogaconference.cat\/wp-content\/uploads\/2023\/11\/Sagrada-Familia.png 396w, https:\/\/barcelonayogaconference.cat\/wp-content\/uploads\/2023\/11\/Sagrada-Familia-300x208.png 300w\" sizes=\"(max-width: 396px) 100vw, 396px\" \/>\t\t\t\t\t\t\t\t\t\t\t\t\t\t\t<\/div>\n\t\t\t\t<\/div>\n\t\t\t\t<div class=\"elementor-element elementor-element-8bd1c6c elementor-widget elementor-widget-heading\" data-id=\"8bd1c6c\" data-element_type=\"widget\" data-widget_type=\"heading.default\">\n\t\t\t\t<div class=\"elementor-widget-container\">\n\t\t\t\t\t<h4 class=\"elementor-heading-title elementor-size-default\">Sagrada Familia<\/h4>\t\t\t\t<\/div>\n\t\t\t\t<\/div>\n\t\t\t\t<div class=\"elementor-element elementor-element-9bde6eb elementor-widget elementor-widget-text-editor\" data-id=\"9bde6eb\" data-element_type=\"widget\" data-widget_type=\"text-editor.default\">\n\t\t\t\t<div class=\"elementor-widget-container\">\n\t\t\t\t\t\t\t\t\t<p>La Sagrada Familia es la atracci\u00f3n tur\u00edstica m\u00e1s visitada de Barcelona y recibe a m\u00e1s de 2.000.000 de visitantes al a\u00f1o. Es una obra de proporciones inmensas y es venerada por el mundo de la arquitectura como uno de los edificios modernos m\u00e1s originales y ambiciosos. Como puedes ver, el edificio todav\u00eda est\u00e1 en construcci\u00f3n y no se completar\u00e1 hasta dentro de 20 o 25 a\u00f1os.<\/p><p>La Sagrada Familia se inici\u00f3 en 1882. Carrer Mallorca, 401.<\/p><p class=\"translation-block\">Metro\u00a0<em>Sagrada Familia<\/em>\u00a0(Azul L5 y Morado L2)<\/p>\t\t\t\t\t\t\t\t<\/div>\n\t\t\t\t<\/div>\n\t\t\t\t\t<\/div>\n\t\t<\/div>\n\t\t\t\t<div class=\"elementor-column elementor-col-33 elementor-top-column elementor-element elementor-element-d401b18\" data-id=\"d401b18\" data-element_type=\"column\">\n\t\t\t<div class=\"elementor-widget-wrap elementor-element-populated\">\n\t\t\t\t\t\t<div class=\"elementor-element elementor-element-bcc15de elementor-widget elementor-widget-image\" data-id=\"bcc15de\" data-element_type=\"widget\" data-widget_type=\"image.default\">\n\t\t\t\t<div class=\"elementor-widget-container\">\n\t\t\t\t\t\t\t\t\t\t\t\t\t\t\t<img loading=\"lazy\" decoding=\"async\" width=\"396\" height=\"275\" src=\"https:\/\/barcelonayogaconference.cat\/wp-content\/uploads\/2023\/11\/placa-catalunya-1.jpg\" class=\"attachment-large size-large wp-image-6603\" alt=\"\" srcset=\"https:\/\/barcelonayogaconference.cat\/wp-content\/uploads\/2023\/11\/placa-catalunya-1.jpg 396w, https:\/\/barcelonayogaconference.cat\/wp-content\/uploads\/2023\/11\/placa-catalunya-1-300x208.jpg 300w\" sizes=\"(max-width: 396px) 100vw, 396px\" \/>\t\t\t\t\t\t\t\t\t\t\t\t\t\t\t<\/div>\n\t\t\t\t<\/div>\n\t\t\t\t<div class=\"elementor-element elementor-element-e65f0f1 elementor-widget elementor-widget-heading\" data-id=\"e65f0f1\" data-element_type=\"widget\" data-widget_type=\"heading.default\">\n\t\t\t\t<div class=\"elementor-widget-container\">\n\t\t\t\t\t<h4 class=\"elementor-heading-title elementor-size-default\">Plaza Catalu\u00f1a<\/h4>\t\t\t\t<\/div>\n\t\t\t\t<\/div>\n\t\t\t\t<div class=\"elementor-element elementor-element-c0df4f3 elementor-widget elementor-widget-text-editor\" data-id=\"c0df4f3\" data-element_type=\"widget\" data-widget_type=\"text-editor.default\">\n\t\t\t\t<div class=\"elementor-widget-container\">\n\t\t\t\t\t\t\t\t\t<p>Una gran plaza en el centro de Barcelona que generalmente se considera el centro de la ciudad y el lugar donde se unen el casco antiguo (Barri G\u00f2tic y Raval, en Ciutat Vella) y el Eixample construido en el siglo XIX.<\/p><p>En Pla\u00e7a Catalunya confluyen algunas de las calles y avenidas m\u00e1s importantes de la ciudad: Passeig de Gr\u00e0cia, Rambla de Catalunya, La Rambla o Portal de l\u2019\u00c0ngel, adem\u00e1s de la Ronda de Sant Pere, el Carrer de Vergara o el Carrer de Pelai. La plaza ocupa una superficie de unos 50.000 metros cuadrados. Es especialmente conocido por sus fuentes y estatuas, su proximidad a algunas de las atracciones m\u00e1s populares de Barcelona y por las bandadas de palomas que se re\u00fanen en el centro.<\/p><p class=\"translation-block\">Metro\u00a0<em>Pla\u00e7a Catalunya<\/em>\u00a0(Roja L1)<\/p>\t\t\t\t\t\t\t\t<\/div>\n\t\t\t\t<\/div>\n\t\t\t\t\t<\/div>\n\t\t<\/div>\n\t\t\t\t<div class=\"elementor-column elementor-col-33 elementor-top-column elementor-element elementor-element-8fda8b5\" data-id=\"8fda8b5\" data-element_type=\"column\">\n\t\t\t<div class=\"elementor-widget-wrap elementor-element-populated\">\n\t\t\t\t\t\t<div class=\"elementor-element elementor-element-a6bbabd elementor-widget elementor-widget-image\" data-id=\"a6bbabd\" data-element_type=\"widget\" data-widget_type=\"image.default\">\n\t\t\t\t<div class=\"elementor-widget-container\">\n\t\t\t\t\t\t\t\t\t\t\t\t\t\t\t<img loading=\"lazy\" decoding=\"async\" width=\"396\" height=\"275\" src=\"https:\/\/barcelonayogaconference.cat\/wp-content\/uploads\/2023\/11\/rambles-barcelona-1.jpg\" class=\"attachment-large size-large wp-image-6604\" alt=\"\" srcset=\"https:\/\/barcelonayogaconference.cat\/wp-content\/uploads\/2023\/11\/rambles-barcelona-1.jpg 396w, https:\/\/barcelonayogaconference.cat\/wp-content\/uploads\/2023\/11\/rambles-barcelona-1-300x208.jpg 300w\" sizes=\"(max-width: 396px) 100vw, 396px\" \/>\t\t\t\t\t\t\t\t\t\t\t\t\t\t\t<\/div>\n\t\t\t\t<\/div>\n\t\t\t\t<div class=\"elementor-element elementor-element-883dd74 elementor-widget elementor-widget-heading\" data-id=\"883dd74\" data-element_type=\"widget\" data-widget_type=\"heading.default\">\n\t\t\t\t<div class=\"elementor-widget-container\">\n\t\t\t\t\t<h4 class=\"elementor-heading-title elementor-size-default\">Les Rambles<\/h4>\t\t\t\t<\/div>\n\t\t\t\t<\/div>\n\t\t\t\t<div class=\"elementor-element elementor-element-1a2d466 elementor-widget elementor-widget-text-editor\" data-id=\"1a2d466\" data-element_type=\"widget\" data-widget_type=\"text-editor.default\">\n\t\t\t\t<div class=\"elementor-widget-container\">\n\t\t\t\t\t\t\t\t\t<p>El poeta espa\u00f1ol Federico Garc\u00eda Lorca dijo una vez que La Rambla era \u201cla \u00fanica calle del mundo que desear\u00eda que no acabara nunca\u201d. El nombre Rambla hace referencia a un flujo de agua intermitente tanto en catal\u00e1n como en espa\u00f1ol, y deriva del \u00e1rabe \u201cRamla\u201d, que significa \u201ccauce arenoso de un r\u00edo\u201d.<\/p><p>La Rambla es el nombre de un emblem\u00e1tico paseo de la ciudad de Barcelona, \u200b\u200bque discurre entre la plaza de Catalu\u00f1a, coraz\u00f3n de la ciudad, y el antiguo puerto. El paseo est\u00e1 concurrido durante el d\u00eda y hasta bien entrada la noche. Est\u00e1 jalonado por quioscos de prensa, flores y p\u00e1jaros, artistas callejeros, caf\u00e9s, restaurantes y tiendas. Cerca del puerto suelen haber mercados, as\u00ed como pintores y artistas. Paseando por La Rambla se pueden ver varios edificios interesantes como el Palau de la Virreina, el mercado de La Boquer\u00eda y el famoso Teatre Liceu, en el que se representan \u00f3peras y ballets.<\/p><p class=\"translation-block\">Metro\u00a0<em>Pla\u00e7a Catalunya<\/em>,\u00a0<em>Liceu, Drassanes<\/em>\u00a0(Roja L1)<\/p>\t\t\t\t\t\t\t\t<\/div>\n\t\t\t\t<\/div>\n\t\t\t\t\t<\/div>\n\t\t<\/div>\n\t\t\t\t\t<\/div>\n\t\t<\/section>\n\t\t\t\t<section class=\"elementor-section elementor-top-section elementor-element elementor-element-83d051d elementor-section-boxed elementor-section-height-default elementor-section-height-default\" data-id=\"83d051d\" data-element_type=\"section\">\n\t\t\t\t\t\t<div class=\"elementor-container elementor-column-gap-default\">\n\t\t\t\t\t<div class=\"elementor-column elementor-col-33 elementor-top-column elementor-element elementor-element-f56ea0f\" data-id=\"f56ea0f\" data-element_type=\"column\">\n\t\t\t<div class=\"elementor-widget-wrap elementor-element-populated\">\n\t\t\t\t\t\t<div class=\"elementor-element elementor-element-5805765 elementor-widget elementor-widget-image\" data-id=\"5805765\" data-element_type=\"widget\" data-widget_type=\"image.default\">\n\t\t\t\t<div class=\"elementor-widget-container\">\n\t\t\t\t\t\t\t\t\t\t\t\t\t\t\t<img loading=\"lazy\" decoding=\"async\" width=\"396\" height=\"275\" src=\"https:\/\/barcelonayogaconference.cat\/wp-content\/uploads\/2023\/11\/passeig-gracia-barcelona-1.jpg\" class=\"attachment-large size-large wp-image-6605\" alt=\"\" srcset=\"https:\/\/barcelonayogaconference.cat\/wp-content\/uploads\/2023\/11\/passeig-gracia-barcelona-1.jpg 396w, https:\/\/barcelonayogaconference.cat\/wp-content\/uploads\/2023\/11\/passeig-gracia-barcelona-1-300x208.jpg 300w\" sizes=\"(max-width: 396px) 100vw, 396px\" \/>\t\t\t\t\t\t\t\t\t\t\t\t\t\t\t<\/div>\n\t\t\t\t<\/div>\n\t\t\t\t<div class=\"elementor-element elementor-element-3e6e372 elementor-widget elementor-widget-heading\" data-id=\"3e6e372\" data-element_type=\"widget\" data-widget_type=\"heading.default\">\n\t\t\t\t<div class=\"elementor-widget-container\">\n\t\t\t\t\t<h4 class=\"elementor-heading-title elementor-size-default\">Paseo de Gracia<\/h4>\t\t\t\t<\/div>\n\t\t\t\t<\/div>\n\t\t\t\t<div class=\"elementor-element elementor-element-85cfefc elementor-widget elementor-widget-text-editor\" data-id=\"85cfefc\" data-element_type=\"widget\" data-widget_type=\"text-editor.default\">\n\t\t\t\t<div class=\"elementor-widget-container\">\n\t\t\t\t\t\t\t\t\t<p>Passeig de Gr\u00e0cia forma parte de la l\u00ednea comercial de 5 KM y es una v\u00eda importante de Barcelona.<\/p><p>Los amplios bulevares que bordean el Passeig de Gr\u00e0cia contribuyen a la sensaci\u00f3n de opulencia que ofrece esta calle. El Passeig de Gr\u00e0cia tambi\u00e9n alberga dos de las creaciones m\u00e1s importantes de Gaud\u00ed: La Pedrera y la Casa Batll\u00f3.<\/p><p class=\"translation-block\">Metro\u00a0<em>Passeig de gr\u00e0cia<\/em>\u00a0(Verde L3 y Amarillo L4)<\/p>\t\t\t\t\t\t\t\t<\/div>\n\t\t\t\t<\/div>\n\t\t\t\t\t<\/div>\n\t\t<\/div>\n\t\t\t\t<div class=\"elementor-column elementor-col-33 elementor-top-column elementor-element elementor-element-8384967\" data-id=\"8384967\" data-element_type=\"column\">\n\t\t\t<div class=\"elementor-widget-wrap elementor-element-populated\">\n\t\t\t\t\t\t<div class=\"elementor-element elementor-element-00db0a0 elementor-widget elementor-widget-image\" data-id=\"00db0a0\" data-element_type=\"widget\" data-widget_type=\"image.default\">\n\t\t\t\t<div class=\"elementor-widget-container\">\n\t\t\t\t\t\t\t\t\t\t\t\t\t\t\t<img loading=\"lazy\" decoding=\"async\" width=\"396\" height=\"275\" src=\"https:\/\/barcelonayogaconference.cat\/wp-content\/uploads\/2023\/11\/parc-guell-gaudi-1.jpg\" class=\"attachment-large size-large wp-image-6606\" alt=\"\" srcset=\"https:\/\/barcelonayogaconference.cat\/wp-content\/uploads\/2023\/11\/parc-guell-gaudi-1.jpg 396w, https:\/\/barcelonayogaconference.cat\/wp-content\/uploads\/2023\/11\/parc-guell-gaudi-1-300x208.jpg 300w\" sizes=\"(max-width: 396px) 100vw, 396px\" \/>\t\t\t\t\t\t\t\t\t\t\t\t\t\t\t<\/div>\n\t\t\t\t<\/div>\n\t\t\t\t<div class=\"elementor-element elementor-element-736a6be elementor-widget elementor-widget-heading\" data-id=\"736a6be\" data-element_type=\"widget\" data-widget_type=\"heading.default\">\n\t\t\t\t<div class=\"elementor-widget-container\">\n\t\t\t\t\t<h4 class=\"elementor-heading-title elementor-size-default\">Parque G\u00fcell<\/h4>\t\t\t\t<\/div>\n\t\t\t\t<\/div>\n\t\t\t\t<div class=\"elementor-element elementor-element-b85a199 elementor-widget elementor-widget-text-editor\" data-id=\"b85a199\" data-element_type=\"widget\" data-widget_type=\"text-editor.default\">\n\t\t\t\t<div class=\"elementor-widget-container\">\n\t\t\t\t\t\t\t\t\t<p>Un parque m\u00e1gico con incre\u00edbles edificios, esculturas y azulejos dise\u00f1ados por Gaud\u00ed.<\/p><p>En el Park G\u00fcell tambi\u00e9n encontrar\u00e1s la antigua casa de Gaud\u00ed, ahora abierta al p\u00fablico como un peque\u00f1o museo.<\/p><p class=\"translation-block\">Metro\u00a0<em>Lesseps<\/em>\u00a0(Verde L3)<\/p>\t\t\t\t\t\t\t\t<\/div>\n\t\t\t\t<\/div>\n\t\t\t\t\t<\/div>\n\t\t<\/div>\n\t\t\t\t<div class=\"elementor-column elementor-col-33 elementor-top-column elementor-element elementor-element-4095131\" data-id=\"4095131\" data-element_type=\"column\">\n\t\t\t<div class=\"elementor-widget-wrap elementor-element-populated\">\n\t\t\t\t\t\t<div class=\"elementor-element elementor-element-e66cac3 elementor-widget elementor-widget-image\" data-id=\"e66cac3\" data-element_type=\"widget\" data-widget_type=\"image.default\">\n\t\t\t\t<div class=\"elementor-widget-container\">\n\t\t\t\t\t\t\t\t\t\t\t\t\t\t\t<img loading=\"lazy\" decoding=\"async\" width=\"396\" height=\"275\" src=\"https:\/\/barcelonayogaconference.cat\/wp-content\/uploads\/2023\/11\/port-vell-barcelona-1.jpg\" class=\"attachment-large size-large wp-image-6607\" alt=\"\" srcset=\"https:\/\/barcelonayogaconference.cat\/wp-content\/uploads\/2023\/11\/port-vell-barcelona-1.jpg 396w, https:\/\/barcelonayogaconference.cat\/wp-content\/uploads\/2023\/11\/port-vell-barcelona-1-300x208.jpg 300w\" sizes=\"(max-width: 396px) 100vw, 396px\" \/>\t\t\t\t\t\t\t\t\t\t\t\t\t\t\t<\/div>\n\t\t\t\t<\/div>\n\t\t\t\t<div class=\"elementor-element elementor-element-5743f30 elementor-widget elementor-widget-heading\" data-id=\"5743f30\" data-element_type=\"widget\" data-widget_type=\"heading.default\">\n\t\t\t\t<div class=\"elementor-widget-container\">\n\t\t\t\t\t<h4 class=\"elementor-heading-title elementor-size-default\">Puerto Viejo<\/h4>\t\t\t\t<\/div>\n\t\t\t\t<\/div>\n\t\t\t\t<div class=\"elementor-element elementor-element-6b9cccb elementor-widget elementor-widget-text-editor\" data-id=\"6b9cccb\" data-element_type=\"widget\" data-widget_type=\"text-editor.default\">\n\t\t\t\t<div class=\"elementor-widget-container\">\n\t\t\t\t\t\t\t\t\t<p>Port Vell (literalmente, \u00abPuerto Viejo\u00bb en catal\u00e1n) es un puerto mar\u00edtimo de Barcelona. Fue construido como parte de un programa de renovaci\u00f3n urbana previo a los Juegos Ol\u00edmpicos de Barcelona de 1992.<\/p><p>Actualmente es un punto focal de la ciudad y una atracci\u00f3n tur\u00edstica, que alberga el Marem\u00e0gnum (un centro comercial con tiendas, un multicine, bares y restaurantes), el IMAX Port Vell y el acuario m\u00e1s grande de Europa, que contiene 8.000 peces y 11 tiburones contenidos en 22 cuencas llenas de 6 millones de litros (1,5 millones de galones) de agua de mar.<\/p><p>Una pasarela peatonal, la Rambla de Mar, conecta La Rambla con el Port Vell. Incorpora un puente giratorio para permitir la entrada y salida de barcos al puerto.<\/p><p class=\"translation-block\">Metro\u00a0<em>Sagrera<\/em>\u00a0(Roja L1)<\/p>\t\t\t\t\t\t\t\t<\/div>\n\t\t\t\t<\/div>\n\t\t\t\t\t<\/div>\n\t\t<\/div>\n\t\t\t\t\t<\/div>\n\t\t<\/section>\n\t\t\t\t<section class=\"elementor-section elementor-top-section elementor-element elementor-element-6d7c859 elementor-section-boxed elementor-section-height-default elementor-section-height-default\" data-id=\"6d7c859\" data-element_type=\"section\">\n\t\t\t\t\t\t<div class=\"elementor-container elementor-column-gap-default\">\n\t\t\t\t\t<div class=\"elementor-column elementor-col-33 elementor-top-column elementor-element elementor-element-cfeacf1\" data-id=\"cfeacf1\" data-element_type=\"column\">\n\t\t\t<div class=\"elementor-widget-wrap elementor-element-populated\">\n\t\t\t\t\t\t<div class=\"elementor-element elementor-element-4554f9c elementor-widget elementor-widget-image\" data-id=\"4554f9c\" data-element_type=\"widget\" data-widget_type=\"image.default\">\n\t\t\t\t<div class=\"elementor-widget-container\">\n\t\t\t\t\t\t\t\t\t\t\t\t\t\t\t<img loading=\"lazy\" decoding=\"async\" width=\"396\" height=\"275\" src=\"https:\/\/barcelonayogaconference.cat\/wp-content\/uploads\/2023\/11\/pedrera-gaudi-barcelona-1.jpg\" class=\"attachment-large size-large wp-image-6611\" alt=\"\" srcset=\"https:\/\/barcelonayogaconference.cat\/wp-content\/uploads\/2023\/11\/pedrera-gaudi-barcelona-1.jpg 396w, https:\/\/barcelonayogaconference.cat\/wp-content\/uploads\/2023\/11\/pedrera-gaudi-barcelona-1-300x208.jpg 300w\" sizes=\"(max-width: 396px) 100vw, 396px\" \/>\t\t\t\t\t\t\t\t\t\t\t\t\t\t\t<\/div>\n\t\t\t\t<\/div>\n\t\t\t\t<div class=\"elementor-element elementor-element-df56997 elementor-widget elementor-widget-heading\" data-id=\"df56997\" data-element_type=\"widget\" data-widget_type=\"heading.default\">\n\t\t\t\t<div class=\"elementor-widget-container\">\n\t\t\t\t\t<h4 class=\"elementor-heading-title elementor-size-default\">La Pedrera<\/h4>\t\t\t\t<\/div>\n\t\t\t\t<\/div>\n\t\t\t\t<div class=\"elementor-element elementor-element-118a119 elementor-widget elementor-widget-text-editor\" data-id=\"118a119\" data-element_type=\"widget\" data-widget_type=\"text-editor.default\">\n\t\t\t\t<div class=\"elementor-widget-container\">\n\t\t\t\t\t\t\t\t\t<p class=\"translation-block\">Proyecto de Antoni Gaud\u00ed i Cornet construido entre 1906 y 1910 para la familia Mil\u00e0. Se trata de uno de los principales edificios residenciales de Gaud\u00ed y una de las casas m\u00e1s imaginativas de la historia de la arquitectura, este edificio es m\u00e1s una escultura que un edificio. La fachada es una impresionante, variada y armoniosa masa de piedra ondulada sin l\u00edneas rectas donde tambi\u00e9n el hierro forjado est\u00e1 presente en las formas de los balcones imitando formas vegetales. Los desvanes se apoyan en los muros de arquer\u00eda de totxo (ladrillo) tradicionales catalanes siguiendo el estilo desarrollado por Gaud\u00ed en la escuela de Santa Teresa y Bellesguard tambi\u00e9n en Barcelona. La cubierta muestra una exuberante fantas\u00eda, las chimeneas dibujan formas vanguardistas que recuerdan a guerreros en un bosque de figuras sorprendentes.<br>Edificio reconocido por la UNESCO como \u201cPatrimonio de la Humanidad\u201d en 1984.<\/p><p class=\"translation-block\">Metro\u00a0<em>Passeig de gr\u00e0cia<\/em>\u00a0(Verde L3 y Amarillo L4)<\/p>\t\t\t\t\t\t\t\t<\/div>\n\t\t\t\t<\/div>\n\t\t\t\t\t<\/div>\n\t\t<\/div>\n\t\t\t\t<div class=\"elementor-column elementor-col-33 elementor-top-column elementor-element elementor-element-c46db61\" data-id=\"c46db61\" data-element_type=\"column\">\n\t\t\t<div class=\"elementor-widget-wrap elementor-element-populated\">\n\t\t\t\t\t\t<div class=\"elementor-element elementor-element-6e41b37 elementor-widget elementor-widget-image\" data-id=\"6e41b37\" data-element_type=\"widget\" data-widget_type=\"image.default\">\n\t\t\t\t<div class=\"elementor-widget-container\">\n\t\t\t\t\t\t\t\t\t\t\t\t\t\t\t<img loading=\"lazy\" decoding=\"async\" width=\"396\" height=\"275\" src=\"https:\/\/barcelonayogaconference.cat\/wp-content\/uploads\/2023\/11\/parc-guell-barcelona-1.jpg\" class=\"attachment-large size-large wp-image-6612\" alt=\"\" srcset=\"https:\/\/barcelonayogaconference.cat\/wp-content\/uploads\/2023\/11\/parc-guell-barcelona-1.jpg 396w, https:\/\/barcelonayogaconference.cat\/wp-content\/uploads\/2023\/11\/parc-guell-barcelona-1-300x208.jpg 300w\" sizes=\"(max-width: 396px) 100vw, 396px\" \/>\t\t\t\t\t\t\t\t\t\t\t\t\t\t\t<\/div>\n\t\t\t\t<\/div>\n\t\t\t\t<div class=\"elementor-element elementor-element-8de59a4 elementor-widget elementor-widget-heading\" data-id=\"8de59a4\" data-element_type=\"widget\" data-widget_type=\"heading.default\">\n\t\t\t\t<div class=\"elementor-widget-container\">\n\t\t\t\t\t<h4 class=\"elementor-heading-title elementor-size-default\">Parque de la Ciutadella<\/h4>\t\t\t\t<\/div>\n\t\t\t\t<\/div>\n\t\t\t\t<div class=\"elementor-element elementor-element-1cb06df elementor-widget elementor-widget-text-editor\" data-id=\"1cb06df\" data-element_type=\"widget\" data-widget_type=\"text-editor.default\">\n\t\t\t\t<div class=\"elementor-widget-container\">\n\t\t\t\t\t\t\t\t\t<p>El parque m\u00e1s c\u00e9ntrico de toda Barcelona, \u200b\u200by uno de los primeros considerados solo para deleite p\u00fablico. Est\u00e1 situado en el extremo noreste del casco antiguo, y alberga en sus 70 hect\u00e1reas (280.000 m2) el importante zool\u00f3gico de la ciudad (que alberg\u00f3 al famoso gorila albino Copet de Neu), el Parlamento de Catalu\u00f1a, un lago, algunos museos y una fuente de considerable tama\u00f1o dise\u00f1ada por Gaud\u00ed. Se caracteriza por ser un lugar muy concurrido, abarrotado de turistas y locales, que suelen salir a pasear o llevar a sus hijos a la secci\u00f3n especial para ni\u00f1os que se encuentra cerca del margen superior del parque.<\/p><p>Otra caracter\u00edstica llamativa que no se ha mencionado es el trazado de los caminos del parque, una mitad de ellos formados por senderos sinuosos y de aspecto bastante natural, y la otra por senderos directos y refinados. A lo largo de ambos se muestra de forma contundente una gran variedad de vegetaci\u00f3n, con peque\u00f1os carteles indicadores en su parte delantera que sirven como etiquetas identificativas.<\/p><p class=\"translation-block\">Metro\u00a0<em>Arco de Triunfo<\/em>\u00a0(Rojo L1)<\/p>\t\t\t\t\t\t\t\t<\/div>\n\t\t\t\t<\/div>\n\t\t\t\t\t<\/div>\n\t\t<\/div>\n\t\t\t\t<div class=\"elementor-column elementor-col-33 elementor-top-column elementor-element elementor-element-c24d8aa\" data-id=\"c24d8aa\" data-element_type=\"column\">\n\t\t\t<div class=\"elementor-widget-wrap elementor-element-populated\">\n\t\t\t\t\t\t<div class=\"elementor-element elementor-element-f0b93c5 elementor-widget elementor-widget-image\" data-id=\"f0b93c5\" data-element_type=\"widget\" data-widget_type=\"image.default\">\n\t\t\t\t<div class=\"elementor-widget-container\">\n\t\t\t\t\t\t\t\t\t\t\t\t\t\t\t<img loading=\"lazy\" decoding=\"async\" width=\"396\" height=\"275\" src=\"https:\/\/barcelonayogaconference.cat\/wp-content\/uploads\/2023\/11\/macba-barcelona-1.jpg\" class=\"attachment-large size-large wp-image-6613\" alt=\"\" srcset=\"https:\/\/barcelonayogaconference.cat\/wp-content\/uploads\/2023\/11\/macba-barcelona-1.jpg 396w, https:\/\/barcelonayogaconference.cat\/wp-content\/uploads\/2023\/11\/macba-barcelona-1-300x208.jpg 300w\" sizes=\"(max-width: 396px) 100vw, 396px\" \/>\t\t\t\t\t\t\t\t\t\t\t\t\t\t\t<\/div>\n\t\t\t\t<\/div>\n\t\t\t\t<div class=\"elementor-element elementor-element-491126f elementor-widget elementor-widget-heading\" data-id=\"491126f\" data-element_type=\"widget\" data-widget_type=\"heading.default\">\n\t\t\t\t<div class=\"elementor-widget-container\">\n\t\t\t\t\t<h4 class=\"elementor-heading-title elementor-size-default\">MACBA<\/h4>\t\t\t\t<\/div>\n\t\t\t\t<\/div>\n\t\t\t\t<div class=\"elementor-element elementor-element-c40004f elementor-widget elementor-widget-text-editor\" data-id=\"c40004f\" data-element_type=\"widget\" data-widget_type=\"text-editor.default\">\n\t\t\t\t<div class=\"elementor-widget-container\">\n\t\t\t\t\t\t\t\t\t<p>\u201cA trav\u00e9s de la Colecci\u00f3n y del calendario expositivo\/de actividades, el Museo de Arte Contempor\u00e1neo de Barcelona pretende construir una memoria cr\u00edtica del arte de la segunda mitad del siglo XX, con dos objetivos: oponerse a las fuerzas ret\u00f3ricas y hegem\u00f3nicas que tienden a mitificar lo local-nacional mientras explotan las instituciones culturales como agentes activos de la econom\u00eda terciaria en los centros urbanos; y presentar alternativas a las insuficiencias del modelo muse\u00edstico dominante, generalmente basado en el mito universalista de la obra original presentada como espect\u00e1culo.<\/p><p class=\"translation-block\">Metro\u00a0<em>Universitat\u00a0<\/em>(L1 y 2)<\/p>\t\t\t\t\t\t\t\t<\/div>\n\t\t\t\t<\/div>\n\t\t\t\t\t<\/div>\n\t\t<\/div>\n\t\t\t\t\t<\/div>\n\t\t<\/section>\n\t\t\t\t<section class=\"elementor-section elementor-top-section elementor-element elementor-element-5773560 elementor-section-boxed elementor-section-height-default elementor-section-height-default\" data-id=\"5773560\" data-element_type=\"section\">\n\t\t\t\t\t\t<div class=\"elementor-container elementor-column-gap-default\">\n\t\t\t\t\t<div class=\"elementor-column elementor-col-33 elementor-top-column elementor-element elementor-element-1873aeb\" data-id=\"1873aeb\" data-element_type=\"column\">\n\t\t\t<div class=\"elementor-widget-wrap elementor-element-populated\">\n\t\t\t\t\t\t<div class=\"elementor-element elementor-element-6934724 elementor-widget elementor-widget-image\" data-id=\"6934724\" data-element_type=\"widget\" data-widget_type=\"image.default\">\n\t\t\t\t<div class=\"elementor-widget-container\">\n\t\t\t\t\t\t\t\t\t\t\t\t\t\t\t<img loading=\"lazy\" decoding=\"async\" width=\"396\" height=\"275\" src=\"https:\/\/barcelonayogaconference.cat\/wp-content\/uploads\/2023\/11\/barceloneta-beach-1.jpg\" class=\"attachment-large size-large wp-image-6614\" alt=\"\" srcset=\"https:\/\/barcelonayogaconference.cat\/wp-content\/uploads\/2023\/11\/barceloneta-beach-1.jpg 396w, https:\/\/barcelonayogaconference.cat\/wp-content\/uploads\/2023\/11\/barceloneta-beach-1-300x208.jpg 300w\" sizes=\"(max-width: 396px) 100vw, 396px\" \/>\t\t\t\t\t\t\t\t\t\t\t\t\t\t\t<\/div>\n\t\t\t\t<\/div>\n\t\t\t\t<div class=\"elementor-element elementor-element-46bf366 elementor-widget elementor-widget-heading\" data-id=\"46bf366\" data-element_type=\"widget\" data-widget_type=\"heading.default\">\n\t\t\t\t<div class=\"elementor-widget-container\">\n\t\t\t\t\t<h4 class=\"elementor-heading-title elementor-size-default\">Barceloneta<\/h4>\t\t\t\t<\/div>\n\t\t\t\t<\/div>\n\t\t\t\t<div class=\"elementor-element elementor-element-edd1f78 elementor-widget elementor-widget-text-editor\" data-id=\"edd1f78\" data-element_type=\"widget\" data-widget_type=\"text-editor.default\">\n\t\t\t\t<div class=\"elementor-widget-container\">\n\t\t\t\t\t\t\t\t\t<p>En Barcelona nunca est\u00e1s lejos del mar, la Barceloneta es la primera de las playas de Barcelona que puedes encontrar.<\/p><p class=\"translation-block\">Metro\u00a0<em>Barceloneta<\/em>\u00a0(Amarillo L4)<\/p>\t\t\t\t\t\t\t\t<\/div>\n\t\t\t\t<\/div>\n\t\t\t\t\t<\/div>\n\t\t<\/div>\n\t\t\t\t<div class=\"elementor-column elementor-col-33 elementor-top-column elementor-element elementor-element-21fc451\" data-id=\"21fc451\" data-element_type=\"column\">\n\t\t\t<div class=\"elementor-widget-wrap elementor-element-populated\">\n\t\t\t\t\t\t<div class=\"elementor-element elementor-element-baf08ae elementor-widget elementor-widget-image\" data-id=\"baf08ae\" data-element_type=\"widget\" data-widget_type=\"image.default\">\n\t\t\t\t<div class=\"elementor-widget-container\">\n\t\t\t\t\t\t\t\t\t\t\t\t\t\t\t<img loading=\"lazy\" decoding=\"async\" width=\"396\" height=\"275\" src=\"https:\/\/barcelonayogaconference.cat\/wp-content\/uploads\/2023\/11\/monjuic-barcelona-1.jpg\" class=\"attachment-large size-large wp-image-6615\" alt=\"\" srcset=\"https:\/\/barcelonayogaconference.cat\/wp-content\/uploads\/2023\/11\/monjuic-barcelona-1.jpg 396w, https:\/\/barcelonayogaconference.cat\/wp-content\/uploads\/2023\/11\/monjuic-barcelona-1-300x208.jpg 300w\" sizes=\"(max-width: 396px) 100vw, 396px\" \/>\t\t\t\t\t\t\t\t\t\t\t\t\t\t\t<\/div>\n\t\t\t\t<\/div>\n\t\t\t\t<div class=\"elementor-element elementor-element-99d4880 elementor-widget elementor-widget-heading\" data-id=\"99d4880\" data-element_type=\"widget\" data-widget_type=\"heading.default\">\n\t\t\t\t<div class=\"elementor-widget-container\">\n\t\t\t\t\t<h4 class=\"elementor-heading-title elementor-size-default\">Montjuic<\/h4>\t\t\t\t<\/div>\n\t\t\t\t<\/div>\n\t\t\t\t<div class=\"elementor-element elementor-element-9836017 elementor-widget elementor-widget-text-editor\" data-id=\"9836017\" data-element_type=\"widget\" data-widget_type=\"text-editor.default\">\n\t\t\t\t<div class=\"elementor-widget-container\">\n\t\t\t\t\t\t\t\t\t<p>La monta\u00f1a de Montju\u00efc (Monte de los Jud\u00edos) ha sido, a lo largo de la historia, protagonista de numerosos acontecimientos, algunos gloriosos y victoriosos, otros no tanto. Como resultado, esta emblem\u00e1tica monta\u00f1a ofrece al visitante m\u00faltiples facetas, hist\u00f3ricas, culturales, l\u00fadicas y deportivas. El s\u00edmbolo hist\u00f3rico y monumento m\u00e1s antiguo (finales del siglo XVII) es el Castell de Montju\u00efc, desde donde se pueden admirar fant\u00e1sticas vistas de la ciudad.<\/p><p class=\"translation-block\">Metro\u00a0<em>Pla\u00e7a Catalunya<\/em>\u00a0(Roja L1)<\/p>\t\t\t\t\t\t\t\t<\/div>\n\t\t\t\t<\/div>\n\t\t\t\t\t<\/div>\n\t\t<\/div>\n\t\t\t\t<div class=\"elementor-column elementor-col-33 elementor-top-column elementor-element elementor-element-608238c\" data-id=\"608238c\" data-element_type=\"column\">\n\t\t\t<div class=\"elementor-widget-wrap\">\n\t\t\t\t\t\t\t<\/div>\n\t\t<\/div>\n\t\t\t\t\t<\/div>\n\t\t<\/section>\n\t\t\t\t<section class=\"elementor-section elementor-top-section elementor-element elementor-element-14de0430 elementor-section-height-min-height elementor-section-boxed elementor-section-height-default elementor-section-items-middle\" data-id=\"14de0430\" data-element_type=\"section\" data-settings=\"{&quot;background_background&quot;:&quot;classic&quot;}\">\n\t\t\t\t\t\t<div class=\"elementor-container elementor-column-gap-default\">\n\t\t\t\t\t<div class=\"elementor-column elementor-col-100 elementor-top-column elementor-element elementor-element-145fdeea\" data-id=\"145fdeea\" data-element_type=\"column\">\n\t\t\t<div class=\"elementor-widget-wrap\">\n\t\t\t\t\t\t\t<\/div>\n\t\t<\/div>\n\t\t\t\t\t<\/div>\n\t\t<\/section>\n\t\t\t\t<\/div>","protected":false},"excerpt":{"rendered":"<p>LOCATION Escola del Sagrat Cor de Sarri\u00e0, Barcelona Address\u00a0 Ramon Miquel i Planas 40-38. 08034 Barcelona Closest stations\u00a0\u00a0 Ferrocarrils Catalans L6 (Metro):\u00a0Reina Elisenda Bus L22:\u00a0Reina Elisenda\u00a0 Free Parking Nearby\u00a0 Carrer Gaspar Cassad\u00f3, 1808034 Barcelona How to arrive FROM PLA\u00c7A CATALUNYA Ferrocarrils Catalans L6 to\u00a0Reina Elisenda Bus L22 from Pla\u00e7a Catalunya to Passeig\u00a0Reina Elisenda\u00a0 FROM BARCELONA [&hellip;]<\/p>","protected":false},"author":3,"featured_media":9726,"parent":0,"menu_order":0,"comment_status":"closed","ping_status":"closed","template":"elementor_header_footer","meta":{"inline_featured_image":false,"footnotes":""},"class_list":["post-6581","page","type-page","status-publish","has-post-thumbnail","hentry"],"yoast_head":"<!-- This site is optimized with the Yoast SEO plugin v25.3.1 - https:\/\/yoast.com\/wordpress\/plugins\/seo\/ -->\n<title>LOCATION - Barcelona Yoga Conference<\/title>\n<meta name=\"robots\" content=\"index, follow, max-snippet:-1, max-image-preview:large, max-video-preview:-1\" \/>\n<link rel=\"canonical\" href=\"https:\/\/barcelonayogaconference.cat\/es\/location\/\" \/>\n<meta property=\"og:locale\" content=\"es_ES\" \/>\n<meta property=\"og:type\" content=\"article\" \/>\n<meta property=\"og:title\" content=\"LOCATION - Barcelona Yoga Conference\" \/>\n<meta property=\"og:description\" content=\"LOCATION Escola del Sagrat Cor de Sarri\u00e0, Barcelona Address\u00a0 Ramon Miquel i Planas 40-38. 08034 Barcelona Closest stations\u00a0\u00a0 Ferrocarrils Catalans L6 (Metro):\u00a0Reina Elisenda Bus L22:\u00a0Reina Elisenda\u00a0 Free Parking Nearby\u00a0 Carrer Gaspar Cassad\u00f3, 1808034 Barcelona How to arrive FROM PLA\u00c7A CATALUNYA Ferrocarrils Catalans L6 to\u00a0Reina Elisenda Bus L22 from Pla\u00e7a Catalunya to Passeig\u00a0Reina Elisenda\u00a0 FROM BARCELONA [&hellip;]\" \/>\n<meta property=\"og:url\" content=\"https:\/\/barcelonayogaconference.cat\/es\/location\/\" \/>\n<meta property=\"og:site_name\" content=\"Barcelona Yoga Conference\" \/>\n<meta property=\"article:modified_time\" content=\"2023-11-02T00:53:35+00:00\" \/>\n<meta property=\"og:image\" content=\"https:\/\/barcelonayogaconference.cat\/wp-content\/uploads\/2023\/11\/356015690_777902617217501_5771728537819442744_n.jpg\" \/>\n\t<meta property=\"og:image:width\" content=\"225\" \/>\n\t<meta property=\"og:image:height\" content=\"225\" \/>\n\t<meta property=\"og:image:type\" content=\"image\/jpeg\" \/>\n<meta name=\"twitter:card\" content=\"summary_large_image\" \/>\n<meta name=\"twitter:label1\" content=\"Tiempo de lectura\" \/>\n\t<meta name=\"twitter:data1\" content=\"10 minutos\" \/>\n<script type=\"application\/ld+json\" class=\"yoast-schema-graph\">{\"@context\":\"https:\/\/schema.org\",\"@graph\":[{\"@type\":\"WebPage\",\"@id\":\"https:\/\/barcelonayogaconference.cat\/location\/\",\"url\":\"https:\/\/barcelonayogaconference.cat\/location\/\",\"name\":\"LOCATION - Barcelona Yoga Conference\",\"isPartOf\":{\"@id\":\"https:\/\/barcelonayogaconference.cat\/#website\"},\"primaryImageOfPage\":{\"@id\":\"https:\/\/barcelonayogaconference.cat\/location\/#primaryimage\"},\"image\":{\"@id\":\"https:\/\/barcelonayogaconference.cat\/location\/#primaryimage\"},\"thumbnailUrl\":\"https:\/\/barcelonayogaconference.cat\/wp-content\/uploads\/2023\/11\/356015690_777902617217501_5771728537819442744_n.jpg\",\"datePublished\":\"2023-11-01T09:06:44+00:00\",\"dateModified\":\"2023-11-02T00:53:35+00:00\",\"breadcrumb\":{\"@id\":\"https:\/\/barcelonayogaconference.cat\/location\/#breadcrumb\"},\"inLanguage\":\"es\",\"potentialAction\":[{\"@type\":\"ReadAction\",\"target\":[\"https:\/\/barcelonayogaconference.cat\/location\/\"]}]},{\"@type\":\"ImageObject\",\"inLanguage\":\"es\",\"@id\":\"https:\/\/barcelonayogaconference.cat\/location\/#primaryimage\",\"url\":\"https:\/\/barcelonayogaconference.cat\/wp-content\/uploads\/2023\/11\/356015690_777902617217501_5771728537819442744_n.jpg\",\"contentUrl\":\"https:\/\/barcelonayogaconference.cat\/wp-content\/uploads\/2023\/11\/356015690_777902617217501_5771728537819442744_n.jpg\",\"width\":225,\"height\":225},{\"@type\":\"BreadcrumbList\",\"@id\":\"https:\/\/barcelonayogaconference.cat\/location\/#breadcrumb\",\"itemListElement\":[{\"@type\":\"ListItem\",\"position\":1,\"name\":\"Home\",\"item\":\"https:\/\/barcelonayogaconference.cat\/\"},{\"@type\":\"ListItem\",\"position\":2,\"name\":\"LOCATION\"}]},{\"@type\":\"WebSite\",\"@id\":\"https:\/\/barcelonayogaconference.cat\/#website\",\"url\":\"https:\/\/barcelonayogaconference.cat\/\",\"name\":\"Barcelona Yoga Conference\",\"description\":\"5 full days with world-leading Yoga teachers and musical artists\",\"publisher\":{\"@id\":\"https:\/\/barcelonayogaconference.cat\/#organization\"},\"potentialAction\":[{\"@type\":\"SearchAction\",\"target\":{\"@type\":\"EntryPoint\",\"urlTemplate\":\"https:\/\/barcelonayogaconference.cat\/?s={search_term_string}\"},\"query-input\":{\"@type\":\"PropertyValueSpecification\",\"valueRequired\":true,\"valueName\":\"search_term_string\"}}],\"inLanguage\":\"es\"},{\"@type\":\"Organization\",\"@id\":\"https:\/\/barcelonayogaconference.cat\/#organization\",\"name\":\"Barcelona Yoga Conference\",\"url\":\"https:\/\/barcelonayogaconference.cat\/\",\"logo\":{\"@type\":\"ImageObject\",\"inLanguage\":\"es\",\"@id\":\"https:\/\/barcelonayogaconference.cat\/#\/schema\/logo\/image\/\",\"url\":\"https:\/\/barcelonayogaconference.cat\/wp-content\/uploads\/2023\/08\/byc-01.svg\",\"contentUrl\":\"https:\/\/barcelonayogaconference.cat\/wp-content\/uploads\/2023\/08\/byc-01.svg\",\"width\":500,\"height\":130,\"caption\":\"Barcelona Yoga Conference\"},\"image\":{\"@id\":\"https:\/\/barcelonayogaconference.cat\/#\/schema\/logo\/image\/\"}}]}<\/script>\n<!-- \/ Yoast SEO plugin. -->","yoast_head_json":{"title":"LOCATION - Barcelona Yoga Conference","robots":{"index":"index","follow":"follow","max-snippet":"max-snippet:-1","max-image-preview":"max-image-preview:large","max-video-preview":"max-video-preview:-1"},"canonical":"https:\/\/barcelonayogaconference.cat\/es\/location\/","og_locale":"es_ES","og_type":"article","og_title":"LOCATION - Barcelona Yoga Conference","og_description":"LOCATION Escola del Sagrat Cor de Sarri\u00e0, Barcelona Address\u00a0 Ramon Miquel i Planas 40-38. 08034 Barcelona Closest stations\u00a0\u00a0 Ferrocarrils Catalans L6 (Metro):\u00a0Reina Elisenda Bus L22:\u00a0Reina Elisenda\u00a0 Free Parking Nearby\u00a0 Carrer Gaspar Cassad\u00f3, 1808034 Barcelona How to arrive FROM PLA\u00c7A CATALUNYA Ferrocarrils Catalans L6 to\u00a0Reina Elisenda Bus L22 from Pla\u00e7a Catalunya to Passeig\u00a0Reina Elisenda\u00a0 FROM BARCELONA [&hellip;]","og_url":"https:\/\/barcelonayogaconference.cat\/es\/location\/","og_site_name":"Barcelona Yoga Conference","article_modified_time":"2023-11-02T00:53:35+00:00","og_image":[{"width":225,"height":225,"url":"https:\/\/barcelonayogaconference.cat\/wp-content\/uploads\/2023\/11\/356015690_777902617217501_5771728537819442744_n.jpg","type":"image\/jpeg"}],"twitter_card":"summary_large_image","twitter_misc":{"Tiempo de lectura":"10 minutos"},"schema":{"@context":"https:\/\/schema.org","@graph":[{"@type":"WebPage","@id":"https:\/\/barcelonayogaconference.cat\/location\/","url":"https:\/\/barcelonayogaconference.cat\/location\/","name":"LOCATION - Barcelona Yoga Conference","isPartOf":{"@id":"https:\/\/barcelonayogaconference.cat\/#website"},"primaryImageOfPage":{"@id":"https:\/\/barcelonayogaconference.cat\/location\/#primaryimage"},"image":{"@id":"https:\/\/barcelonayogaconference.cat\/location\/#primaryimage"},"thumbnailUrl":"https:\/\/barcelonayogaconference.cat\/wp-content\/uploads\/2023\/11\/356015690_777902617217501_5771728537819442744_n.jpg","datePublished":"2023-11-01T09:06:44+00:00","dateModified":"2023-11-02T00:53:35+00:00","breadcrumb":{"@id":"https:\/\/barcelonayogaconference.cat\/location\/#breadcrumb"},"inLanguage":"es","potentialAction":[{"@type":"ReadAction","target":["https:\/\/barcelonayogaconference.cat\/location\/"]}]},{"@type":"ImageObject","inLanguage":"es","@id":"https:\/\/barcelonayogaconference.cat\/location\/#primaryimage","url":"https:\/\/barcelonayogaconference.cat\/wp-content\/uploads\/2023\/11\/356015690_777902617217501_5771728537819442744_n.jpg","contentUrl":"https:\/\/barcelonayogaconference.cat\/wp-content\/uploads\/2023\/11\/356015690_777902617217501_5771728537819442744_n.jpg","width":225,"height":225},{"@type":"BreadcrumbList","@id":"https:\/\/barcelonayogaconference.cat\/location\/#breadcrumb","itemListElement":[{"@type":"ListItem","position":1,"name":"Home","item":"https:\/\/barcelonayogaconference.cat\/"},{"@type":"ListItem","position":2,"name":"LOCATION"}]},{"@type":"WebSite","@id":"https:\/\/barcelonayogaconference.cat\/#website","url":"https:\/\/barcelonayogaconference.cat\/","name":"Barcelona Yoga Conference","description":"5 full days with world-leading Yoga teachers and musical artists","publisher":{"@id":"https:\/\/barcelonayogaconference.cat\/#organization"},"potentialAction":[{"@type":"SearchAction","target":{"@type":"EntryPoint","urlTemplate":"https:\/\/barcelonayogaconference.cat\/?s={search_term_string}"},"query-input":{"@type":"PropertyValueSpecification","valueRequired":true,"valueName":"search_term_string"}}],"inLanguage":"es"},{"@type":"Organization","@id":"https:\/\/barcelonayogaconference.cat\/#organization","name":"Barcelona Yoga Conference","url":"https:\/\/barcelonayogaconference.cat\/","logo":{"@type":"ImageObject","inLanguage":"es","@id":"https:\/\/barcelonayogaconference.cat\/#\/schema\/logo\/image\/","url":"https:\/\/barcelonayogaconference.cat\/wp-content\/uploads\/2023\/08\/byc-01.svg","contentUrl":"https:\/\/barcelonayogaconference.cat\/wp-content\/uploads\/2023\/08\/byc-01.svg","width":500,"height":130,"caption":"Barcelona Yoga Conference"},"image":{"@id":"https:\/\/barcelonayogaconference.cat\/#\/schema\/logo\/image\/"}}]}},"_links":{"self":[{"href":"https:\/\/barcelonayogaconference.cat\/es\/wp-json\/wp\/v2\/pages\/6581","targetHints":{"allow":["GET"]}}],"collection":[{"href":"https:\/\/barcelonayogaconference.cat\/es\/wp-json\/wp\/v2\/pages"}],"about":[{"href":"https:\/\/barcelonayogaconference.cat\/es\/wp-json\/wp\/v2\/types\/page"}],"author":[{"embeddable":true,"href":"https:\/\/barcelonayogaconference.cat\/es\/wp-json\/wp\/v2\/users\/3"}],"replies":[{"embeddable":true,"href":"https:\/\/barcelonayogaconference.cat\/es\/wp-json\/wp\/v2\/comments?post=6581"}],"version-history":[{"count":41,"href":"https:\/\/barcelonayogaconference.cat\/es\/wp-json\/wp\/v2\/pages\/6581\/revisions"}],"predecessor-version":[{"id":6847,"href":"https:\/\/barcelonayogaconference.cat\/es\/wp-json\/wp\/v2\/pages\/6581\/revisions\/6847"}],"wp:featuredmedia":[{"embeddable":true,"href":"https:\/\/barcelonayogaconference.cat\/es\/wp-json\/wp\/v2\/media\/9726"}],"wp:attachment":[{"href":"https:\/\/barcelonayogaconference.cat\/es\/wp-json\/wp\/v2\/media?parent=6581"}],"curies":[{"name":"wp","href":"https:\/\/api.w.org\/{rel}","templated":true}]}}